{"id":1877,"date":"2021-07-19T06:03:57","date_gmt":"2021-07-19T06:03:57","guid":{"rendered":"https:\/\/filmfestivaldorf.com\/hr\/?page_id=1877"},"modified":"2021-07-19T07:27:08","modified_gmt":"2021-07-19T07:27:08","slug":"9-anticke-filmske-veceri-2021","status":"publish","type":"page","link":"https:\/\/filmfestivaldorf.com\/hr\/9-anticke-filmske-veceri-2021\/","title":{"rendered":"9.ANTI\u010cKE FILMSKE VE\u010cERI 2021"},"content":{"rendered":"\t<section class=\"section\" id=\"section_340002829\">\n\t\t<div class=\"bg section-bg fill bg-fill  bg-loaded\" >\n\n\t\t\t\n\t\t\t\n\t\t\t\n\n\t\t<\/div><!-- .section-bg -->\n\n\t\t<div class=\"section-content relative\">\n\t\t\t\n\t<div class=\"img has-hover x md-x lg-x y md-y lg-y\" id=\"image_1276124395\">\n\t\t\t\t\t\t\t\t<div class=\"img-inner dark\" >\n\t\t\t<img width=\"1020\" height=\"388\" src=\"https:\/\/filmfestivaldorf.com\/hr\/wp-content\/uploads\/2021\/07\/cover-1400x533.jpg\" class=\"attachment-large size-large\" alt=\"\" loading=\"lazy\" srcset=\"https:\/\/filmfestivaldorf.com\/hr\/wp-content\/uploads\/2021\/07\/cover-1400x533.jpg 1400w, https:\/\/filmfestivaldorf.com\/hr\/wp-content\/uploads\/2021\/07\/cover-800x304.jpg 800w, https:\/\/filmfestivaldorf.com\/hr\/wp-content\/uploads\/2021\/07\/cover-768x292.jpg 768w, https:\/\/filmfestivaldorf.com\/hr\/wp-content\/uploads\/2021\/07\/cover-1536x584.jpg 1536w, https:\/\/filmfestivaldorf.com\/hr\/wp-content\/uploads\/2021\/07\/cover-2048x779.jpg 2048w\" sizes=\"(max-width: 1020px) 100vw, 1020px\" \/>\t\t\t\t\t\t\n\t\t\t\t\t<\/div>\n\t\t\t\t\t\t\t\t\n<style scope=\"scope\">\n\n#image_1276124395 {\n  width: 100%;\n}\n<\/style>\n\t<\/div>\n\t\n\t\t<\/div><!-- .section-content -->\n\n\t\t\n<style scope=\"scope\">\n\n#section_340002829 {\n  padding-top: 30px;\n  padding-bottom: 30px;\n}\n<\/style>\n\t<\/section>\n\t\n<p style=\"text-align: center;\"><strong>17.8. (UTORAK)<br \/><\/strong><em>@Lapidarij GMV<br \/><\/em>20:30<br \/><strong>Sve\u010dano otvorenje 9. Anti\u010dkih filmskih ve\u010deri<\/strong><\/p>\n<p>\u00a0<\/p>\n<div class=\"row\"  id=\"row-1461949561\">\n<div class=\"col medium-6 small-12 large-6\"  ><div class=\"col-inner\"  >\n\t<div class=\"img has-hover x md-x lg-x y md-y lg-y\" id=\"image_1716063754\">\n\t\t\t\t\t\t\t\t<div class=\"img-inner dark\" >\n\t\t\t<img width=\"512\" height=\"351\" src=\"https:\/\/filmfestivaldorf.com\/hr\/wp-content\/uploads\/2021\/07\/ratni-reporter.jpg\" class=\"attachment-large size-large\" alt=\"\" loading=\"lazy\" \/>\t\t\t\t\t\t\n\t\t\t\t\t<\/div>\n\t\t\t\t\t\t\t\t\n<style scope=\"scope\">\n\n#image_1716063754 {\n  width: 100%;\n}\n<\/style>\n\t<\/div>\n\t\n<\/div><\/div>\n<div class=\"col medium-6 small-12 large-6\"  ><div class=\"col-inner\"  >\n<p><strong>\u201eRatni reporter&#8221;<\/strong><\/p>\n<p>(Hrvatska, Factum, 2011),<\/p>\n<p>re\u017eija: Silvestar Kolbas, 60&#8242;<\/p>\n<p><em>Ratni reporter<\/em>\u00a0prati zbivanja tijekom agresije na Hrvatsku 1991. godine, koja je promijenila \u017eivot svim njenim gra\u0111anima. Film nije istra\u017eivanje povijesnih istina, ve\u0107 autorovih osobnih istina. Koriste\u0107i snimke koje je na\u010dinio za vrijeme Domovinskog rata kao snimatelj Hrvatske televizije, autor iz prvog lica pri\u010da posve osobnu pri\u010du. Rat se doga\u0111a na mjestima gdje je odrastao i sanjao neke druge snove, ali stvarnost \u2013 ne samo ratna \u2013 pone\u0161to je druk\u010dija. Posve se razotkrivaju\u0107i, autor na primjeru svog \u017eivota nudi slojevitu i obuhvatnu paradigmu rata na na\u010din na koji je on vidi.<\/p>\n<\/div><\/div>\n<\/div>\n<div class=\"row\"  id=\"row-213707336\">\n<div class=\"col medium-6 small-12 large-6\"  ><div class=\"col-inner\"  >\n\t<div class=\"img has-hover x md-x lg-x y md-y lg-y\" id=\"image_924395493\">\n\t\t\t\t\t\t\t\t<div class=\"img-inner dark\" >\n\t\t\t<img width=\"640\" height=\"400\" src=\"https:\/\/filmfestivaldorf.com\/hr\/wp-content\/uploads\/2021\/07\/kinocrvena1.jpg\" class=\"attachment-large size-large\" alt=\"\" loading=\"lazy\" \/>\t\t\t\t\t\t\n\t\t\t\t\t<\/div>\n\t\t\t\t\t\t\t\t\n<style scope=\"scope\">\n\n#image_924395493 {\n  width: 100%;\n}\n<\/style>\n\t<\/div>\n\t\n<\/div><\/div>\n<div class=\"col medium-6 small-12 large-6\"  ><div class=\"col-inner\"  >\n<p><strong>\u201eKino Crvena zvijezda&#8221; <\/strong><\/p>\n<p>(Hrvatska, Silvestar Kolbas, 2014),<\/p>\n<p>re\u017eija: Silvestar Kolbas, 11&#8242;<\/p>\n<p>Rije\u010dima autora: \u201cNa ru\u0161evinama kina mog djetinjstva na\u0161ao sam komadi\u0107e o\u0161te\u0107ene filmske vrpce s dijelovima filmskih radova iz produkcije biv\u0161e dr\u017eave. Propadanje je promijenilo sadr\u017eaj vrpce, dalo joj novu kvalitetu i proizvelo novi estetski u\u017eitak. Vrpca je ponovo na\u0161la put do publike. Ali ni\u0161ta vi\u0161e nije isto.\u201d<\/p>\n<\/div><\/div>\n<\/div>\n<div class=\"row\"  id=\"row-824222110\">\n<div class=\"col medium-6 small-12 large-6\"  ><div class=\"col-inner\"  >\n\t<div class=\"img has-hover x md-x lg-x y md-y lg-y\" id=\"image_1807785828\">\n\t\t\t\t\t\t\t\t<div class=\"img-inner dark\" >\n\t\t\t<img width=\"512\" height=\"341\" src=\"https:\/\/filmfestivaldorf.com\/hr\/wp-content\/uploads\/2021\/07\/predavanje-GMV.jpg\" class=\"attachment-large size-large\" alt=\"\" loading=\"lazy\" \/>\t\t\t\t\t\t\n\t\t\t\t\t<\/div>\n\t\t\t\t\t\t\t\t\n<style scope=\"scope\">\n\n#image_1807785828 {\n  width: 100%;\n}\n<\/style>\n\t<\/div>\n\t\n<\/div><\/div>\n<div class=\"col medium-6 small-12 large-6\"  ><div class=\"col-inner\"  >\n<p><strong>18.8. (SRIJEDA)<\/strong><\/p>\n<p><em>@Lapidarij GMV<\/em><\/p>\n<p>19:30<\/p>\n<p><strong>Predavanje <\/strong>Gradski muzej Vinkovci<\/p>\n<p>Ve\u0107 tradicionalno predstavljanje novosti, uzbudljivo insajdersko izvje\u0161\u0107e sa neobjavljenim fotografijama i informacijama o arheolo\u0161kim otkri\u0107ima u Vinkovcima i okolici. Ponovo s nama je Hrvoje Vuli\u0107, ravnatelj&amp;prijatelj, koji \u0107e ispri\u010dati sve o GMV \u0161to ste oduvijek htjeli znati ali se niste usudili pitati.<\/p>\n<\/div><\/div>\n<\/div>\n<div class=\"row\"  id=\"row-503492468\">\n<div class=\"col medium-6 small-12 large-6\"  ><div class=\"col-inner\"  >\n\t<div class=\"img has-hover x md-x lg-x y md-y lg-y\" id=\"image_1918114571\">\n\t\t\t\t\t\t\t\t<div class=\"img-inner dark\" >\n\t\t\t<img width=\"512\" height=\"340\" src=\"https:\/\/filmfestivaldorf.com\/hr\/wp-content\/uploads\/2021\/07\/mario-kovac.jpg\" class=\"attachment-large size-large\" alt=\"\" loading=\"lazy\" \/>\t\t\t\t\t\t\n\t\t\t\t\t<\/div>\n\t\t\t\t\t\t\t\t\n<style scope=\"scope\">\n\n#image_1918114571 {\n  width: 100%;\n}\n<\/style>\n\t<\/div>\n\t\n<\/div><\/div>\n<div class=\"col medium-6 small-12 large-6\"  ><div class=\"col-inner\"  >\n<p>20:15<\/p>\n<p><strong>Kviz <\/strong>Mario Kova\u010d, powered by Klasik TV<\/p>\n<p>Nakon Morane Zibar, u suradnji s dugogodi\u0161njim partnerom Klasik TV organiziramo ponovo zanimljiv glazbeno-filmski kviz, koji vodi dr.sc.Mario Kova\u010d, reprezentativac. \u00a0Kao strastveni kviza\u0161, renesansni \u010dovjek, kojeg znamo ve\u0107 jako dugo ponovo je s nama i jedva \u010dekamo nova glazbeno-filmska pitanja.<\/p>\n<p>Nije se potrebno prijavljivati unaprijed, do\u0111ite na vrijeme, broj \u010dlanova ekipe je 1-3 \u010dlana. Nagrade najboljima osigurava craft pivovara Valens i Klasik TV.<\/p>\n<\/div><\/div>\n<\/div>\n<div class=\"row\"  id=\"row-329554589\">\n<div class=\"col medium-6 small-12 large-6\"  ><div class=\"col-inner\"  >\n\t<div class=\"img has-hover x md-x lg-x y md-y lg-y\" id=\"image_1783683206\">\n\t\t\t\t\t\t\t\t<div class=\"img-inner dark\" >\n\t\t\t<img width=\"400\" height=\"576\" src=\"https:\/\/filmfestivaldorf.com\/hr\/wp-content\/uploads\/2021\/07\/OJEDNOJMLADOSTI.jpg\" class=\"attachment-large size-large\" alt=\"\" loading=\"lazy\" srcset=\"https:\/\/filmfestivaldorf.com\/hr\/wp-content\/uploads\/2021\/07\/OJEDNOJMLADOSTI.jpg 400w, https:\/\/filmfestivaldorf.com\/hr\/wp-content\/uploads\/2021\/07\/OJEDNOJMLADOSTI-278x400.jpg 278w\" sizes=\"(max-width: 400px) 100vw, 400px\" \/>\t\t\t\t\t\t\n\t\t\t\t\t<\/div>\n\t\t\t\t\t\t\t\t\n<style scope=\"scope\">\n\n#image_1783683206 {\n  width: 100%;\n}\n<\/style>\n\t<\/div>\n\t\n<\/div><\/div>\n<div class=\"col medium-6 small-12 large-6\"  ><div class=\"col-inner\"  >\n<p>21:30<\/p>\n<p><strong>\u201eO jednoj mladosti&#8221;<\/strong> (Hrvatska, ADU Zagreb, 2020)<\/p>\n<p>re\u017eija Ivan Ramljak, 78&#8242;<\/p>\n<p>Trinaest godina nakon iznenadne smrti nekada\u0161njeg najboljeg prijatelja, redatelj poku\u0161ava rekonstruirati njegov \u017eivot i njihov me\u0111usobni odnos, koriste\u0107i samo fotografije i video materijale koje je prijatelj tada snimao. Nagra\u0111ivani film Ivana Ramljaka, sjajnog autora, premijerno prikazujemo u Vinkovcima, ponosno. Me\u0111u njegovim ostvarenjima isti\u010de se trilogija dokumentaraca o zaboravljenim prostorima (<a href=\"https:\/\/www.havc.hr\/hrvatski-film\/katalog-hrvatskih-filmova\/kino-otok\"><em><strong>Kino otok<\/strong><\/em><\/a>,\u00a0<a href=\"https:\/\/www.havc.hr\/hrvatski-film\/katalog-hrvatskih-filmova\/dom-boraca\"><em><strong>Dom boraca<\/strong><\/em><\/a>\u00a0i\u00a0<a href=\"https:\/\/www.havc.hr\/hrvatski-film\/katalog-hrvatskih-filmova\/mezostajun\"><em><strong>Mezostajun<\/strong><\/em><\/a>) te dugometra\u017eni prvijenac\u00a0<a href=\"https:\/\/www.havc.hr\/hrvatski-film\/katalog-hrvatskih-filmova\/o-jednoj-mladosti\"><em><strong>O jednoj mladosti<\/strong><\/em><\/a>\u00a0s kojim je pobijedio u balkanskom programu Dokufesta, najzna\u010dajnijeg festivala dokumentarnog filma u regiji, a potom trijumfirao i na Danima hrvatskog filma, kao i na nedavnoj dodjeli nagrada Dokumetar portala\u00a0<a href=\"https:\/\/www.dokumentarni.net\/\"><strong>Dokumentarni.net<\/strong><\/a>.<\/p>\n<\/div><\/div>\n<\/div>\n<div class=\"row\"  id=\"row-707583881\">\n<div class=\"col medium-6 small-12 large-6\"  ><div class=\"col-inner\"  >\n\t<div class=\"img has-hover x md-x lg-x y md-y lg-y\" id=\"image_251614389\">\n\t\t\t\t\t\t\t\t<div class=\"img-inner dark\" >\n\t\t\t<img width=\"512\" height=\"361\" src=\"https:\/\/filmfestivaldorf.com\/hr\/wp-content\/uploads\/2021\/07\/stojan.jpg\" class=\"attachment-large size-large\" alt=\"\" loading=\"lazy\" \/>\t\t\t\t\t\t\n\t\t\t\t\t<\/div>\n\t\t\t\t\t\t\t\t\n<style scope=\"scope\">\n\n#image_251614389 {\n  width: 100%;\n}\n<\/style>\n\t<\/div>\n\t\n<\/div><\/div>\n<div class=\"col medium-6 small-12 large-6\"  ><div class=\"col-inner\"  >\n<p><strong>NAGRADA ZA DOPRINOS FILMU I ARHEOLOGIJI \u201cSTOJAN DIMITRIJEVI\u0106\u201d<\/strong><\/p>\n<p>Drugi dobitnik nagrade za doprinos filmu i arheologiji \u201eStojan Dimitrijevi\u0107\u201c je <strong>Silvestar Kolbas<\/strong><strong> &#8211;<\/strong> fotograf, snimatelj i redatelj, te filmski pedagog. Ro\u0111en je u Petrovcima 12. travnja 1956. godine, a odrastao u Vinkovcima. Diplomirao je filmsko i televizijsko snimanje 1982. godine na Akademiji dramske umjetnosti u Zagrebu. Danas je redoviti profesor na istoj \u0161koli. Bio je zaposlen kao snimatelj na Televiziji Zagreb \/ Hrvatskoj radioteleviziji od 1985.-1996. Tokom karijere snimio je vi\u0161e igranih i TV \u2013 filmova, serija i dokumentarnih filmova, izlagao fotografije, te objavljivao i ure\u0111ivao stru\u010dne radove iz podru\u010dja snimanja. I dalje radi kao slobodni snimatelj. Sam je i re\u017eirao vi\u0161e osobnih, auto-refleksivnih dokumentarnih (\u2018Sve o Evi\u2019, \u2018Ratni reporter\u2019, \u201820 dana na Tibetu\u2019) i eksperimentalnih filmova (\u2018Auto-portret V2.1\u2019, &#8216;Kino Crvena zvijezda&#8217;, &#8216;Toranj&#8217;). U autorskim dokumentarnim i eksperimentalnim filmovima, te fotografskim izlo\u017ebama \u010desto koristi autobiografsko ishodi\u0161te, ali i problematizira vizualne medije.<\/p>\n<\/div><\/div>\n<\/div>\n","protected":false},"excerpt":{"rendered":"<p>17.8. (UTORAK)@Lapidarij GMV20:30Sve\u010dano otvorenje 9. Anti\u010dkih filmskih ve\u010deri \u00a0<\/p>\n","protected":false},"author":1,"featured_media":11,"parent":0,"menu_order":14,"comment_status":"closed","ping_status":"closed","template":"page-blank-title-center.php","meta":{"_monsterinsights_skip_tracking":false,"_monsterinsights_sitenote_active":false,"_monsterinsights_sitenote_note":"","_monsterinsights_sitenote_category":0,"_links_to":"","_links_to_target":""},"aioseo_notices":[],"_links":{"self":[{"href":"https:\/\/filmfestivaldorf.com\/hr\/wp-json\/wp\/v2\/pages\/1877"}],"collection":[{"href":"https:\/\/filmfestivaldorf.com\/hr\/wp-json\/wp\/v2\/pages"}],"about":[{"href":"https:\/\/filmfestivaldorf.com\/hr\/wp-json\/wp\/v2\/types\/page"}],"author":[{"embeddable":true,"href":"https:\/\/filmfestivaldorf.com\/hr\/wp-json\/wp\/v2\/users\/1"}],"replies":[{"embeddable":true,"href":"https:\/\/filmfestivaldorf.com\/hr\/wp-json\/wp\/v2\/comments?post=1877"}],"version-history":[{"count":12,"href":"https:\/\/filmfestivaldorf.com\/hr\/wp-json\/wp\/v2\/pages\/1877\/revisions"}],"predecessor-version":[{"id":1941,"href":"https:\/\/filmfestivaldorf.com\/hr\/wp-json\/wp\/v2\/pages\/1877\/revisions\/1941"}],"wp:featuredmedia":[{"embeddable":true,"href":"https:\/\/filmfestivaldorf.com\/hr\/wp-json\/wp\/v2\/media\/11"}],"wp:attachment":[{"href":"https:\/\/filmfestivaldorf.com\/hr\/wp-json\/wp\/v2\/media?parent=1877"}],"curies":[{"name":"wp","href":"https:\/\/api.w.org\/{rel}","templated":true}]}}