{"id":1882,"date":"2021-07-19T06:07:49","date_gmt":"2021-07-19T06:07:49","guid":{"rendered":"https:\/\/filmfestivaldorf.com\/hr\/?page_id=1882"},"modified":"2022-11-24T11:36:09","modified_gmt":"2022-11-24T11:36:09","slug":"2021-dorf-info","status":"publish","type":"page","link":"https:\/\/filmfestivaldorf.com\/hr\/2021-dorf-info\/","title":{"rendered":"2021 DORF INFO"},"content":{"rendered":"\t<div class=\"img has-hover x md-x lg-x y md-y lg-y\" id=\"image_462000256\">\n\t\t\t\t\t\t\t\t<div class=\"img-inner dark\" >\n\t\t\t<img width=\"820\" height=\"360\" src=\"https:\/\/filmfestivaldorf.com\/hr\/wp-content\/uploads\/2022\/11\/DORF_2021_820x360_FBcover_full.png\" class=\"attachment-large size-large\" alt=\"\" loading=\"lazy\" srcset=\"https:\/\/filmfestivaldorf.com\/hr\/wp-content\/uploads\/2022\/11\/DORF_2021_820x360_FBcover_full.png 820w, https:\/\/filmfestivaldorf.com\/hr\/wp-content\/uploads\/2022\/11\/DORF_2021_820x360_FBcover_full-800x351.png 800w, https:\/\/filmfestivaldorf.com\/hr\/wp-content\/uploads\/2022\/11\/DORF_2021_820x360_FBcover_full-768x337.png 768w\" sizes=\"(max-width: 820px) 100vw, 820px\" \/>\t\t\t\t\t\t\n\t\t\t\t\t<\/div>\n\t\t\t\t\t\t\t\t\n<style scope=\"scope\">\n\n#image_462000256 {\n  width: 100%;\n}\n<\/style>\n\t<\/div>\n\t\n\t<div id=\"gap-1781599928\" class=\"gap-element clearfix\" style=\"display:block; height:auto;\">\n\t\t\n<style scope=\"scope\">\n\n#gap-1781599928 {\n  padding-top: 60px;\n}\n<\/style>\n\t<\/div>\n\t\n<div class=\"container section-title-container\" ><h3 class=\"section-title section-title-normal\"><b><\/b><span class=\"section-title-main\" >2021 DORF Vinkovci 19.-21.08. + DORF ZAGREB u KC Mesni\u010dka<\/span><b><\/b><\/h3><\/div><!-- .section-title -->\n<div class=\"row\"  id=\"row-1123384688\">\n<div class=\"col medium-6 small-12 large-6\"  ><div class=\"col-inner\"  >\n<p>REGIONALNI PROGRAM<\/p>\n<p>\u201eIndexi\u201c , (BiH, Radio televizija BiH, 2020)<\/p>\n<p>r: Zoran Kubura, Bojan Had\u017eiabdi\u0107, 108&#8242;<\/p>\n<p>\u00a0\u201eDaleka Obala u Americi\u201c (Hrvatska, Boris Hrepi\u0107, 2020),<\/p>\n<p>r: Boris Hrepi\u0107, 50&#8242;<\/p>\n<p>\u00a0\u201eZauvijek skladatelj: Rajko Dujmi\u0107\u201c (Hrvatska, HDS ZAMP\/HRT, 2020)<\/p>\n<p>r: Toni Volari\u0107, 40&#8242;<\/p>\n<p>\u201eOdlazak\u201c (Odpotovanje\/Slovenija, Petra Pan Film, 2020)<\/p>\n<p>r: Petra Seli\u0161kar, 65&#8242;<\/p>\n<p>\u201eNovi val \u2013 40 godina nakon\u201c (Hrvatska, Srbija, CMC televizija, 2021)<\/p>\n<p>r: Nikola Kne\u017eevi\u0107, Olga Kep\u010dija, 101&#8242;<\/p>\n<p>\u201eRock bozon\u201c, (Hrvatska, Istra film, 2021)<\/p>\n<p>r: Bernardin Modri\u0107, 38&#8242;<\/p>\n<p>\u201eOne su tu\u201c, (Hrvatska, UMAS Split, 2021),<\/p>\n<p>r: Andrijana Mirna Marin, 45&#8242;<\/p>\n<p>\u201eJedno dobro putovanje\u201c , (Hrvatska, Filmaktiv, 2021)<\/p>\n<p>r: Sara Huski\u0107, 15&#8242;<\/p>\n<\/div><\/div>\n<div class=\"col medium-6 small-12 large-6\"  ><div class=\"col-inner\"  >\n<p>TAJNA POVIJEST ROCKA<\/p>\n<p>\u201eDon&#8217;t go gentle \u2013 film about IDLES\u201c (Velika Britanija, MEA Films, 2021),<\/p>\n<p>r: Mark Archer, 75\u2019<\/p>\n<p>Spotovi \u2013 izbor , autor Radislav Jovanov Gonzo, 25&#8242;<br \/>OFF DORF<\/p>\n<p>Izlo\u017eba plakata \u201e\u017dedno uho\u201c<\/p>\n<p>Promocija magazina \u201e46 pgs.\u201c<\/p>\n<p>Promocija knjige \u201eGlazba za \u017eedno uho\u201c<\/p>\n<p>KONCERT LIL&#8217;BEAR vs.HARP EXPLOSION<\/p>\n<p>Slu\u0161aonica@Hang Loose<br \/>NAJBOLJI FILM &#8220;INDEXI&#8221; (\u017eiri Andrej Korovljev, Tanja Kvorka, Vjeran Hrpka)<br \/>Posebno priznanje &#8211; &#8220;One su tu&#8221; i &#8220;Rock bozon&#8221;<br \/>Nagrada za \u017eivotno djelo &#8211; Radislav Jovanov Gonzo<br \/>Nagrada za doprinos undergroundu &#8211; Mate \u0160kugor<\/p>\n<\/div><\/div>\n<\/div>\n<div class=\"container section-title-container\" ><h3 class=\"section-title section-title-normal\"><b><\/b><span class=\"section-title-main\" >DORF \u017dIRI 2021<\/span><b><\/b><\/h3><\/div><!-- .section-title -->\n<div class=\"row\"  id=\"row-1918335785\">\n<div class=\"col medium-4 small-12 large-4\"  ><div class=\"col-inner\"  >\n\t<div class=\"img has-hover x md-x lg-x y md-y lg-y\" id=\"image_2096326939\">\n\t\t\t\t\t\t\t\t<div class=\"img-inner dark\" >\n\t\t\t<img width=\"300\" height=\"450\" src=\"https:\/\/filmfestivaldorf.com\/hr\/wp-content\/uploads\/2021\/07\/KOROVLJEV-FOTKA.jpg\" class=\"attachment-large size-large\" alt=\"\" loading=\"lazy\" srcset=\"https:\/\/filmfestivaldorf.com\/hr\/wp-content\/uploads\/2021\/07\/KOROVLJEV-FOTKA.jpg 300w, https:\/\/filmfestivaldorf.com\/hr\/wp-content\/uploads\/2021\/07\/KOROVLJEV-FOTKA-267x400.jpg 267w\" sizes=\"(max-width: 300px) 100vw, 300px\" \/>\t\t\t\t\t\t\n\t\t\t\t\t<\/div>\n\t\t\t\t\t\t\t\t\n<style scope=\"scope\">\n\n#image_2096326939 {\n  width: 100%;\n}\n<\/style>\n\t<\/div>\n\t\n<\/div><\/div>\n<div class=\"col medium-8 small-12 large-8\"  ><div class=\"col-inner\"  >\n<p><strong>Andrej Korovljev<\/strong>, redatelj, ro\u0111en je 1970. u Puli. Nakon svr\u0161etka srednje \u0161kole, odlazi u Zagreb gdje studira Fakultet strojarstva i brodogradnje. Pronalaze\u0107i da to nije njegova vokacija, odlu\u010duje otputovati u London gdje studira filmsku re\u017eiju na Westminsterskom sveu\u010dili\u0161tu. Godine 2000. vra\u0107a se u Hrvatsku gdje po\u010dinje djelovati umjetni\u010dki i komercijalno.<\/p>\n<p>Baza njegovog komercijalnog posla su televizijske reklame, a u dvadeset godina rada Andrej je re\u017eirao vi\u0161e stotina reklama ze vode\u0107e doma\u0107e i inozemne klijente. S umjetni\u010dkog aspekta Andrej se vi\u0161estruko dokazao na dokumentarnom polju. Njegov film Godine hr\u0111e nagra\u0111ivan je i prikazivan<\/p>\n<p>na filmskim festivalima diljem svijeta te uvr\u0161ten u antologije hrvatske dokumentaristike. Andrej je tako\u0111er vi\u0161e puta nagra\u0111ivan za svoje reklame, glazbene spotove i kratkometra\u017ene igrane uratke. Dugogodi\u0161nji je izbornik selekcije kratkog igranog filma na Motovun Film Festivalu i \u010dlan Dru\u0161tva hrvatskih filmskih redatelja. Dvostruki je dobitnik Porina i Oktavijana. Njegov recentni dugometra\u017eni<\/p>\n<p>dokumentarni film Tusta (2020) pogledalo je vi\u0161e od 15000 gledatelja u regionalnoj kino distribuciji te je prikazan i nagra\u0111ivan na brojnim festivalima. Trenutno pripremadugometra\u017eni igrani film Pula kojem je HAVC odobrio sredstva. Predsjednik ovogodi\u0161njeg DORF \u017eirija, kao pro\u0161logodi\u0161nji laureat.\u00a0\u00a0\u00a0\u00a0\u00a0\u00a0\u00a0<\/p>\n<\/div><\/div>\n<\/div>\n<div class=\"row\"  id=\"row-2120678970\">\n<div class=\"col medium-4 small-12 large-4\"  ><div class=\"col-inner\"  >\n\t<div class=\"img has-hover x md-x lg-x y md-y lg-y\" id=\"image_1292589245\">\n\t\t\t\t\t\t\t\t<div class=\"img-inner dark\" >\n\t\t\t<img width=\"300\" height=\"300\" src=\"https:\/\/filmfestivaldorf.com\/hr\/wp-content\/uploads\/2021\/07\/TANJAKVORKA.jpg\" class=\"attachment-large size-large\" alt=\"\" loading=\"lazy\" srcset=\"https:\/\/filmfestivaldorf.com\/hr\/wp-content\/uploads\/2021\/07\/TANJAKVORKA.jpg 300w, https:\/\/filmfestivaldorf.com\/hr\/wp-content\/uploads\/2021\/07\/TANJAKVORKA-280x280.jpg 280w\" sizes=\"(max-width: 300px) 100vw, 300px\" \/>\t\t\t\t\t\t\n\t\t\t\t\t<\/div>\n\t\t\t\t\t\t\t\t\n<style scope=\"scope\">\n\n#image_1292589245 {\n  width: 100%;\n}\n<\/style>\n\t<\/div>\n\t\n<\/div><\/div>\n<div class=\"col medium-8 small-12 large-8\"  ><div class=\"col-inner\"  >\n<p><strong>Tanja Kvorka<\/strong>, novinarka i urednica rubrika kulture i showbiza u Glasu Slavonije zadnjih 26 godina. Od malih nogu slu\u0161a rock&#8217;n&#8217;roll, prvo na plo\u010dama starije bra\u0107e i sestre, pa na kazetama, prvim walkmenima, pa do nekih modernijih nosa\u010da zvuka. Kroz svoj se posao trudi promovirati glazbenike, ali i umjetnike svih drugih vrsta, prije svega iz Slavonije i Baranje.<br \/>&#8211; Filmovi su mi najve\u0107a ljubav, a jedan od snova oduvijek mi je bio sudjelovati na filmskom festivalu. S obzirom da sam prijatelj DORF-a od po\u010detaka, velika mi je \u010dast \u0161to mi je on prvi&#8230; u \u010dijem sam \u017eiriju.<\/p>\n<\/div><\/div>\n<\/div>\n<div class=\"row\"  id=\"row-2019159989\">\n<div class=\"col medium-4 small-12 large-4\"  ><div class=\"col-inner\"  >\n\t<div class=\"img has-hover x md-x lg-x y md-y lg-y\" id=\"image_2028543448\">\n\t\t\t\t\t\t\t\t<div class=\"img-inner dark\" >\n\t\t\t<img width=\"300\" height=\"300\" src=\"https:\/\/filmfestivaldorf.com\/hr\/wp-content\/uploads\/2021\/07\/VJERAN.jpg\" class=\"attachment-large size-large\" alt=\"\" loading=\"lazy\" srcset=\"https:\/\/filmfestivaldorf.com\/hr\/wp-content\/uploads\/2021\/07\/VJERAN.jpg 300w, https:\/\/filmfestivaldorf.com\/hr\/wp-content\/uploads\/2021\/07\/VJERAN-280x280.jpg 280w\" sizes=\"(max-width: 300px) 100vw, 300px\" \/>\t\t\t\t\t\t\n\t\t\t\t\t<\/div>\n\t\t\t\t\t\t\t\t\n<style scope=\"scope\">\n\n#image_2028543448 {\n  width: 100%;\n}\n<\/style>\n\t<\/div>\n\t\n<\/div><\/div>\n<div class=\"col medium-8 small-12 large-8\"  ><div class=\"col-inner\"  >\n<p><strong>Vjeran Hrpka<\/strong> ro\u0111en je 1972. godine u Osijeku. Diplomirao je filmsko snimanje na Akademiji dramskih umjetnosti u Zagrebu gdje je stekao zvanje akademski snimatelj. Filmsku fotografiju potpisuje na vi\u0161e od 20 filmskih naslova, a filmovi koje je snimio bili su prikazani na filmskim festivalima kako u Hrvatskoj tako i u brojnim zemljama svijeta. Od 2011. radi kao umjetni\u010dki suradnik na Umjetni\u010dkoj akademiji u Osijeku, a od 2014. u zvanju je docenta. Predaje kolegije iz medija fotografije, snimanja i alternativnih fotografskih procesa. Hrpka je za svoj rad vi\u0161e puta nagra\u0111ivan na skupnim izlo\u017ebama fotografija i filmskim festivalima od kojih je najzna\u010dajnija godi\u0161nja nagrada \u201cNikola Tanhofer\u201d za snimateljski rad na filmu \u201cIza lica zrcala\u201d.<\/p>\n<\/div><\/div>\n<\/div>\n<div class=\"row\"  id=\"row-946735759\">\n<div class=\"col small-12 large-12\"  ><div class=\"col-inner\"  >\n<div class=\"container section-title-container\" ><h3 class=\"section-title section-title-normal\"><b><\/b><span class=\"section-title-main\" >DORF DESIGN<\/span><b><\/b><\/h3><\/div><!-- .section-title -->\n<p>Dizajn ovogodi\u0161njeg DORF festivala djelo je <strong>Martina Peranovi\u0107a<\/strong>, mladog autora iz Otoka. Plakat je napravio <strong>Tomislav Vrani\u0107<\/strong> iz Zagreba, Za unikatne nagrade laureatima ve\u0107 petu godinu zadu\u017een je genijalni splitski kipar&amp;strip autor <strong>Miro \u017dupa<\/strong>.<\/p>\n<\/div><\/div>\n<\/div>\n<div class=\"row\"  id=\"row-739472579\">\n<div class=\"col medium-4 small-12 large-4\"  ><div class=\"col-inner\"  >\n\t<div class=\"img has-hover x md-x lg-x y md-y lg-y\" id=\"image_59146535\">\n\t\t\t\t\t\t\t\t<div class=\"img-inner dark\" >\n\t\t\t<img width=\"300\" height=\"300\" src=\"https:\/\/filmfestivaldorf.com\/hr\/wp-content\/uploads\/2021\/07\/PERANOVIC.jpg\" class=\"attachment-large size-large\" alt=\"\" loading=\"lazy\" srcset=\"https:\/\/filmfestivaldorf.com\/hr\/wp-content\/uploads\/2021\/07\/PERANOVIC.jpg 300w, https:\/\/filmfestivaldorf.com\/hr\/wp-content\/uploads\/2021\/07\/PERANOVIC-280x280.jpg 280w\" sizes=\"(max-width: 300px) 100vw, 300px\" \/>\t\t\t\t\t\t\n\t\t\t\t\t<\/div>\n\t\t\t\t\t\t\t\t\n<style scope=\"scope\">\n\n#image_59146535 {\n  width: 100%;\n}\n<\/style>\n\t<\/div>\n\t\n<\/div><\/div>\n<div class=\"col medium-4 small-12 large-4\"  ><div class=\"col-inner\"  >\n\t<div class=\"img has-hover x md-x lg-x y md-y lg-y\" id=\"image_1926475361\">\n\t\t\t\t\t\t\t\t<div class=\"img-inner dark\" >\n\t\t\t<img width=\"300\" height=\"300\" src=\"https:\/\/filmfestivaldorf.com\/hr\/wp-content\/uploads\/2021\/07\/vrana.jpg\" class=\"attachment-large size-large\" alt=\"\" loading=\"lazy\" srcset=\"https:\/\/filmfestivaldorf.com\/hr\/wp-content\/uploads\/2021\/07\/vrana.jpg 300w, https:\/\/filmfestivaldorf.com\/hr\/wp-content\/uploads\/2021\/07\/vrana-280x280.jpg 280w\" sizes=\"(max-width: 300px) 100vw, 300px\" \/>\t\t\t\t\t\t\n\t\t\t\t\t<\/div>\n\t\t\t\t\t\t\t\t\n<style scope=\"scope\">\n\n#image_1926475361 {\n  width: 100%;\n}\n<\/style>\n\t<\/div>\n\t\n<\/div><\/div>\n<div class=\"col medium-4 small-12 large-4\"  ><div class=\"col-inner\"  >\n\t<div class=\"img has-hover x md-x lg-x y md-y lg-y\" id=\"image_202586243\">\n\t\t\t\t\t\t\t\t<div class=\"img-inner dark\" >\n\t\t\t<img width=\"300\" height=\"300\" src=\"https:\/\/filmfestivaldorf.com\/hr\/wp-content\/uploads\/2021\/07\/miro.jpg\" class=\"attachment-large size-large\" alt=\"\" loading=\"lazy\" srcset=\"https:\/\/filmfestivaldorf.com\/hr\/wp-content\/uploads\/2021\/07\/miro.jpg 300w, https:\/\/filmfestivaldorf.com\/hr\/wp-content\/uploads\/2021\/07\/miro-280x280.jpg 280w\" sizes=\"(max-width: 300px) 100vw, 300px\" \/>\t\t\t\t\t\t\n\t\t\t\t\t<\/div>\n\t\t\t\t\t\t\t\t\n<style scope=\"scope\">\n\n#image_202586243 {\n  width: 100%;\n}\n<\/style>\n\t<\/div>\n\t\n<\/div><\/div>\n<\/div>\n<div class=\"container section-title-container\" ><h3 class=\"section-title section-title-normal\"><b><\/b><span class=\"section-title-main\" >DORF NAGRADA ZA \u017dIVOTNO DJELO<\/span><b><\/b><\/h3><\/div><!-- .section-title -->\n<div class=\"row\"  id=\"row-1012792650\">\n<div class=\"col medium-4 small-12 large-4\"  ><div class=\"col-inner\"  >\n\t<div class=\"img has-hover x md-x lg-x y md-y lg-y\" id=\"image_686641052\">\n\t\t\t\t\t\t\t\t<div class=\"img-inner dark\" >\n\t\t\t<img width=\"300\" height=\"200\" src=\"https:\/\/filmfestivaldorf.com\/hr\/wp-content\/uploads\/2021\/07\/gonzo.jpg\" class=\"attachment-large size-large\" alt=\"\" loading=\"lazy\" \/>\t\t\t\t\t\t\n\t\t\t\t\t<\/div>\n\t\t\t\t\t\t\t\t\n<style scope=\"scope\">\n\n#image_686641052 {\n  width: 100%;\n}\n<\/style>\n\t<\/div>\n\t\n<\/div><\/div>\n<div class=\"col medium-8 small-12 large-8\"  ><div class=\"col-inner\"  >\n<p>Nagradu za \u017eivotno djelo DORF ove godine dodjeljuje snimatelju i redatelju <strong>Radislavu Jovanovu Gonzu<\/strong>. Diplomirao na ADU-u u Zagrebu, za HRT je radio 1985\u201394. kao asistent kamere na dokumentarnim filmovima, TV dramama i serijama (<em>Smogovci<\/em>). Od 1988. djeluje kao redatelj, \u010desto istodobno i snimatelj glazbenih videospotova. Re\u017eirao je vi\u0161e od 350 glazbenih spotova te nekoliko dokumentarnih i kratkih igranih filmova. Direktor fotografije u vi\u0161e dugometra\u017enih igranih filmova (<em>Rezervni deli<\/em>, D. Kozole, 2003;\u00a0<em>\u017divot je truba<\/em>, A. Nui\u0107, 2014), a najnovija je TV serija \u201cDnevnik velikog Perice\u201d V.Bre\u0161ana. Nagra\u0111en je nizom diskografskih nagrada Porin (za spotove\u00a0<em>Starfucker<\/em>\u00a0\u2013 Psihomodo pop,\u00a0<em>Mene ne zanima<\/em>\u00a0\u2013 Majke,\u00a0<em>Apokalipso<\/em>\u00a0\u2013 D. Rundek,\u00a0<em>Ay Mi Cuba<\/em>\u00a0\u2013 Cubismo,\u00a0<em>Ero s onoga svijeta<\/em>\u00a0i\u00a0<em>Dijete u vremenu<\/em>\u00a0\u2013 Let 3,\u00a0<em>Smak svita<\/em>\u00a0\u2013 TBF) i na Danima hrvatskog filma (npr. Oktavijan za najbolji glazbeni spot 2007. i 2010, nagrada za fotografiju u kratkom filmu I.Mirkovi\u0107a\u00a0<em>Balavica<\/em>\u00a02013). Trenutno snima svoj prvi igrani film\u2026 S nama je bio predstaviv\u0161i cool selekciju spotova na DORFu 2008. godine, a ovom nagradom mu se \u017eelimo zahvaliti za pomicanje granica u na\u0161oj vizualnoj, video kulturi \u2013 svje\u017einom i energijom u impresivnom broju spotova. Raznovrsnim rje\u0161enjima i autorskom rukopisu kojim je postavio standarde, Gonzo je podigao letvicu visoko kao nitko prije i &#8211; otvorio mnogim bandovima ali i filmskim autorima nove mogu\u0107nosti i publiku. U\u017eivali smo u spotovima i radujemo se igranim filmovima i sljede\u0107im projektima, sigurni da \u0107e biti izvrsni.<\/p>\n<\/div><\/div>\n<\/div>\n<div class=\"container section-title-container\" ><h3 class=\"section-title section-title-normal\"><b><\/b><span class=\"section-title-main\" >DORF POSEBNO PRIZNANJE<\/span><b><\/b><\/h3><\/div><!-- .section-title -->\n<div class=\"row\"  id=\"row-925693334\">\n<div class=\"col medium-4 small-12 large-4\"  ><div class=\"col-inner\"  >\n\t<div class=\"img has-hover x md-x lg-x y md-y lg-y\" id=\"image_1813987219\">\n\t\t\t\t\t\t\t\t<div class=\"img-inner dark\" >\n\t\t\t<img width=\"300\" height=\"407\" src=\"https:\/\/filmfestivaldorf.com\/hr\/wp-content\/uploads\/2021\/07\/mate.jpg\" class=\"attachment-large size-large\" alt=\"\" loading=\"lazy\" srcset=\"https:\/\/filmfestivaldorf.com\/hr\/wp-content\/uploads\/2021\/07\/mate.jpg 300w, https:\/\/filmfestivaldorf.com\/hr\/wp-content\/uploads\/2021\/07\/mate-295x400.jpg 295w\" sizes=\"(max-width: 300px) 100vw, 300px\" \/>\t\t\t\t\t\t\n\t\t\t\t\t<\/div>\n\t\t\t\t\t\t\t\t\n<style scope=\"scope\">\n\n#image_1813987219 {\n  width: 100%;\n}\n<\/style>\n\t<\/div>\n\t\n<\/div><\/div>\n<div class=\"col medium-8 small-12 large-8\"  ><div class=\"col-inner\"  >\n<p>Posebno DORF priznanje za doprinos undergroundu ove godine primit \u0107e <strong>Mate \u0160kugor<\/strong>. Diplomirao je na Zavodu za elektroakustiku Fakulteta elektrotehnike i ra\u010dunarstva u \u010dijem je studentskom klubu KSET jo\u0161 za vrijeme studija pokrenuo festivale NO Jazz i \u017dedno uho. Nakon diplome u potpunosti se posve\u0107uje radu glazbenog promotora i organizatora festivala, \u010detiri je godine vodio Muzi\u010dki salon SC-a, a osim rada u Zagrebu svoje aktivnosti seli i u \u0160ibenik gdje pokre\u0107e najprije Terraneo, a potom i SuperUho festival. Nakon kra\u0107eg razdoblja provedenog na voditeljskim pozicijama u tehnici HNK u Zagrebu, danas je zaposlen u jednoj IT tvrtki u kojoj radi na razvoju novih digitalnih usluga i dizajnu mobilnih aplikacija. U uvodnom dijelu pri\u010de, jo\u0161 podsje\u0107amo da smo 2016. &#8211; 2018. godine bili dio programa SuperUho i ponosnom kompatibilno\u0161\u0107u gu\u0161tali u DORF projekcijama na pla\u017ei, u blizini nevjerojatnog glazbenog programa i dragih prijatelja. I sve ove dekade smo, uz <em>\u017eednouhu <\/em>ekipu pratili uzbudljivu glazbu u\u017eivo ma gdje bili\u2026<\/p>\n<p>Sigurni smo da \u0107e Mate i dalje nastaviti sa novim iznena\u0111enjima za nova pokoljenja, a ova mala gesta znak je na\u0161e zahvalnosti njemu ali i cijeloj Ekipi (Bara, Vrana, Darko\u2026), koja nam je u\u010dinila protekla desetlje\u0107a ljep\u0161im, otvorila nove vidike i pokazala ljubav&amp;strast, kao stav, kao\u2026jedini put ka sre\u0107i.<\/p>\n<\/div><\/div>\n<\/div>\n<div class=\"row\"  id=\"row-1685239235\">\n<div class=\"col small-12 large-12\"  ><div class=\"col-inner\"  >\n\t<section class=\"section\" id=\"section_421309237\">\n\t\t<div class=\"bg section-bg fill bg-fill  bg-loaded\" >\n\n\t\t\t\n\t\t\t\n\t\t\t\n\n\t\t<\/div><!-- .section-bg -->\n\n\t\t<div class=\"section-content relative\">\n\t\t\t\n<div class=\"row\"  id=\"row-277722773\">\n<div class=\"col medium-4 small-12 large-4\"  ><div class=\"col-inner\"  >\n<div class=\"container section-title-container\" ><h3 class=\"section-title section-title-normal\"><b><\/b><span class=\"section-title-main\" >POKROVITELJI<\/span><b><\/b><\/h3><\/div><!-- .section-title -->\n<p><a href=\"http:\/\/www.havc.hr\" target=\"_blank\" rel=\"noopener noreferrer\">www.havc.hr<\/a><a href=\"http:\/\/www.havc.hr\"><\/a><br \/><a href=\"http:\/\/www.vinkovci.hr\" target=\"_blank\" rel=\"noopener noreferrer\">www.vinkovci.hr<\/a><a href=\"http:\/\/www.vinkovci.hr\"><\/a><br \/><a href=\"http:\/\/www.vusz.hr\" target=\"_blank\" rel=\"noopener noreferrer\">www.vusz.hr<\/a><u> <\/u><\/p>\n<\/div><\/div>\n<div class=\"col medium-4 small-12 large-4\"  ><div class=\"col-inner\"  >\n<div class=\"container section-title-container\" ><h3 class=\"section-title section-title-normal\"><b><\/b><span class=\"section-title-main\" >PARTNERI<\/span><b><\/b><\/h3><\/div><!-- .section-title -->\n<p><a href=\"https:\/\/muzejvk.hr\/\" target=\"_blank\" rel=\"noopener noreferrer\">Gradski muzej Vinkovci<\/a><br \/>\n<a href=\"https:\/\/www.nexe.hr\/bih\/dilj-d-o-o-vinkovci-6719\/6719\" target=\"_blank\" rel=\"noopener noreferrer\">Nexe Dilj <\/a><br \/>\n<a href=\"https:\/\/hangloose.hr\/\" target=\"_blank\" rel=\"noopener noreferrer\">Hang Loose <\/a><br \/>\n<a href=\"https:\/\/www.facebook.com\/Valentinijan\/\" target=\"_blank\" rel=\"noopener noreferrer\">Valens<\/a><\/p>\n<\/div><\/div>\n<div class=\"col medium-4 small-12 large-4\"  ><div class=\"col-inner\"  >\n<div class=\"container section-title-container\" ><h3 class=\"section-title section-title-normal\"><b><\/b><span class=\"section-title-main\" >MEDIJSKI PARTNERI<\/span><b><\/b><\/h3><\/div><!-- .section-title -->\n<p><a href=\"http:\/\/www.klasiktv.com\" target=\"_blank\" rel=\"noopener noreferrer\">www.klasiktv.com<\/a><br \/>\n<a href=\"http:\/\/www.rockmark.hr\" target=\"_blank\" rel=\"noopener noreferrer\">www.rockmark.hr<\/a><br \/>\n<a href=\"http:\/\/www.subsite.hr\" target=\"_blank\" rel=\"noopener noreferrer\">www.subsite.hr<\/a><br \/>\n<a href=\"http:\/\/www.dokumentarni.net\" target=\"_blank\" rel=\"noopener noreferrer\">www.dokumentarni.net<\/a><br \/>\n<a href=\"http:\/\/www.ravnododna.com\" target=\"_blank\" rel=\"noopener noreferrer\">www.ravnododna.com<\/a><br \/>\n<a href=\"http:\/\/www.kulturpunkt.hr\" target=\"_blank\" rel=\"noopener noreferrer\">www.kulturpunkt.hr<\/a><br \/>\n<a href=\"http:\/\/www.culturenet.hr\" target=\"_blank\" rel=\"noopener noreferrer\">www.culturenet.hr<\/a><br \/>\n<a href=\"https:\/\/novosti.hr\/\" target=\"_blank\" rel=\"noopener noreferrer\">Vinkova\u010dki list<\/a><br \/>\n<a href=\"https:\/\/www.glas-slavonije.hr\/\" target=\"_blank\" rel=\"noopener noreferrer\">Glas Slavonije<\/a><br \/>\n<a href=\"https:\/\/www.hrv.hr\/\" target=\"_blank\" rel=\"noopener noreferrer\">HR Radio Vukovar<\/a><br \/>\n<a href=\"https:\/\/www.facebook.com\/udruga.retroPERSPEKTIVA.vk\/\" target=\"_blank\" rel=\"noopener noreferrer\">Retroperspektiva<\/a><\/p>\n<\/div><\/div>\n<\/div>\n\t\t<\/div><!-- .section-content -->\n\n\t\t\n<style scope=\"scope\">\n\n#section_421309237 {\n  padding-top: 30px;\n  padding-bottom: 30px;\n}\n<\/style>\n\t<\/section>\n\t\n\t<div class=\"img has-hover x md-x lg-x y md-y lg-y\" id=\"image_884643922\">\n\t\t\t\t\t\t\t\t<div class=\"img-inner dark\" >\n\t\t\t<img width=\"900\" height=\"800\" src=\"https:\/\/filmfestivaldorf.com\/hr\/wp-content\/uploads\/2021\/07\/sponzori-2021.jpg\" class=\"attachment-large size-large\" alt=\"\" loading=\"lazy\" srcset=\"https:\/\/filmfestivaldorf.com\/hr\/wp-content\/uploads\/2021\/07\/sponzori-2021.jpg 900w, https:\/\/filmfestivaldorf.com\/hr\/wp-content\/uploads\/2021\/07\/sponzori-2021-450x400.jpg 450w, https:\/\/filmfestivaldorf.com\/hr\/wp-content\/uploads\/2021\/07\/sponzori-2021-768x683.jpg 768w\" sizes=\"(max-width: 900px) 100vw, 900px\" \/>\t\t\t\t\t\t\n\t\t\t\t\t<\/div>\n\t\t\t\t\t\t\t\t\n<style scope=\"scope\">\n\n#image_884643922 {\n  width: 100%;\n}\n<\/style>\n\t<\/div>\n\t\n<\/div><\/div>\n<\/div>\n<div class=\"container section-title-container\" ><h3 class=\"section-title section-title-normal\"><b><\/b><span class=\"section-title-main\" >REGIONALNA KONKURENCIJA<\/span><b><\/b><\/h3><\/div><!-- .section-title -->\n<div class=\"row\"  id=\"row-334013063\">\n<div class=\"col medium-6 small-12 large-6\"  ><div class=\"col-inner\"  >\n\t<div class=\"img has-hover x md-x lg-x y md-y lg-y\" id=\"image_226722964\">\n\t\t\t\t\t\t\t\t<div class=\"img-inner dark\" >\n\t\t\t<img width=\"512\" height=\"288\" src=\"https:\/\/filmfestivaldorf.com\/hr\/wp-content\/uploads\/2021\/07\/daleka-obala-foto-jadran-babic.jpg\" class=\"attachment-large size-large\" alt=\"\" loading=\"lazy\" \/>\t\t\t\t\t\t\n\t\t\t\t\t<\/div>\n\t\t\t\t\t\t\t\t\n<style scope=\"scope\">\n\n#image_226722964 {\n  width: 100%;\n}\n<\/style>\n\t<\/div>\n\t\n<\/div><\/div>\n<div class=\"col medium-6 small-12 large-6\"  ><div class=\"col-inner\"  >\n<p><strong>\u201eDaleka Obala u Americi\u201c<\/strong> (Hrvatska, Boris Hrepi\u0107, 2020),<\/p>\n<p>re\u017eija: Boris Hrepi\u0107, 50&#8242;<\/p>\n<p>Ponovo na DORFu, Hrepa nam donosi ekskluzivnu poslasticu za sve ljubitelje ovog sastava. Daleka obala je u dva navrata, 1988. i 2000. nastupala u New Yorku i Chicagu, i ovo su putopisno \u2013 glazbeni zapisi s tih njihovih putovanja. Naglasak je na turisti\u010dkim snimcima ( NBA utakmica, podzemne \u017eeljeznice, House of Blues, na vrhu jednog od njujor\u0161kih blizanaca&#8230;). Tu su i izjave aktera tog putovanja koje su dali pro\u0161le godine za vrijeme prvog vala korone i koji su se prisjetili tih vremena od prije 20-tak godina. <em>Svjetska premijera.<\/em><\/p>\n<\/div><\/div>\n<\/div>\n<div class=\"row\"  id=\"row-804056894\">\n<div class=\"col medium-6 small-12 large-6\"  ><div class=\"col-inner\"  >\n<p><strong>\u201eZauvijek skladatelj: Rajko Dujmi\u0107\u201c<\/strong> (Hrvatska, HDS ZAMP\/HRT, 2020)<\/p>\n<p>re\u017eija: Toni Volari\u0107, 40&#8242;<\/p>\n<p>Dokumentarni serijal\u00a0 autora Tonija Volari\u0107a realiziralo je Hrvatsko dru\u0161tvo skladatelja u koprodukciji s Hrvatskom radiotelevizijom, a posve\u0107en je istaknutim \u010dlanovima Hrvatskog dru\u0161tva skladatelja. Impresivan broj materijala (serijali \u201cA Porina dobiva\u2026\u201d i \u201cZauvijek skladatelj\u201d) i produktivnih nekoliko godina istaknulo je Volari\u0107a kao svojevrsni fenomen na doma\u0107oj dokumentarnoj sceni. Radujemo se novim projektima i filmskom dokumentiranju bogate pop scene, jedva \u010dekamo jo\u0161.<\/p>\n<\/div><\/div>\n<div class=\"col medium-6 small-12 large-6\"  ><div class=\"col-inner\"  >\n\t<div class=\"img has-hover x md-x lg-x y md-y lg-y\" id=\"image_1921255721\">\n\t\t\t\t\t\t\t\t<div class=\"img-inner dark\" >\n\t\t\t<img width=\"512\" height=\"377\" src=\"https:\/\/filmfestivaldorf.com\/hr\/wp-content\/uploads\/2021\/07\/rajko.jpg\" class=\"attachment-large size-large\" alt=\"\" loading=\"lazy\" \/>\t\t\t\t\t\t\n\t\t\t\t\t<\/div>\n\t\t\t\t\t\t\t\t\n<style scope=\"scope\">\n\n#image_1921255721 {\n  width: 100%;\n}\n<\/style>\n\t<\/div>\n\t\n<\/div><\/div>\n<\/div>\n<div class=\"row\"  id=\"row-1006684392\">\n<div class=\"col medium-6 small-12 large-6\"  ><div class=\"col-inner\"  >\n\t<div class=\"img has-hover x md-x lg-x y md-y lg-y\" id=\"image_279404190\">\n\t\t\t\t\t\t\t\t<div class=\"img-inner dark\" >\n\t\t\t<img width=\"512\" height=\"288\" src=\"https:\/\/filmfestivaldorf.com\/hr\/wp-content\/uploads\/2021\/07\/odlazak.jpg\" class=\"attachment-large size-large\" alt=\"\" loading=\"lazy\" \/>\t\t\t\t\t\t\n\t\t\t\t\t<\/div>\n\t\t\t\t\t\t\t\t\n<style scope=\"scope\">\n\n#image_279404190 {\n  width: 100%;\n}\n<\/style>\n\t<\/div>\n\t\n<\/div><\/div>\n<div class=\"col medium-6 small-12 large-6\"  ><div class=\"col-inner\"  >\n<p><strong>\u201eOdlazak\u201c<\/strong> (Odpotovanje\/Slovenija, Petra Pan Film, 2020)<\/p>\n<p>re\u017eija: Petra Seli\u0161kar, \u00a065&#8242;<\/p>\n<p>Filozofska meditacija o Toma\u017eu Pengovu, kantautoru \u010diji kultni album Odpotovanja (1973.) je poslu\u017eio kao motiv i po\u010detna to\u010dka za portret ove slovenske glazbene ikone. Zanimljiva karijera i \u017eivotna pri\u010da prikazani su u filmu talentirane autorice, posebna poslastica za sve ljubitelje minimalisti\u010dkih akusti\u010dnih skladbi legendarnog Pengova. <em>Hrvatska premijera<\/em>.<\/p>\n<\/div><\/div>\n<\/div>\n<div class=\"row\"  id=\"row-664802309\">\n<div class=\"col medium-6 small-12 large-6\"  ><div class=\"col-inner\"  >\n<p><strong>\u201eNovi val \u2013 40 godina nakon\u201c<\/strong> (Hrvatska, Srbija, CMC televizija, 2021)<\/p>\n<p>re\u017eija: Nikola Kne\u017eevi\u0107, Olga Kep\u010dija, 101&#8242;<\/p>\n<p>Croatia Records, kao izdava\u010dka ku\u0107a koja je objavila najve\u0107i broj novovalnih izdanja, ove godine slavi 40 godina novog vala. Obljetnicu prate mnoga zanimljiva izdanja i reizdanja, a fokus je na \u010detiri vinila &#8211; bisera novog vala. S obzirom da je rije\u010d o jednom od najbriljantnijih glazbenih razdoblja u povijesti na\u0161ih prostora Croatia Records je u suradnji i produkciji CMC televizije snimila dokumentarni film koji prati ova \u010detiri vinilna reizdanja i daje \u0161iru sliku oko novog vala &#8211; od utjecaja britanske i ameri\u010dke new wave scene na na\u0161u do pri\u010de kako je Sini\u0161a \u0160karica doveo novi val u Jugoton i odgovora na pitanje za\u0161to se i danas, 40 godina kasnije, govori o fenomenu <em>Novog vala<\/em>.<\/p>\n<\/div><\/div>\n<div class=\"col medium-6 small-12 large-6\"  ><div class=\"col-inner\"  >\n\t<div class=\"img has-hover x md-x lg-x y md-y lg-y\" id=\"image_1321548323\">\n\t\t\t\t\t\t\t\t<div class=\"img-inner dark\" >\n\t\t\t<img width=\"512\" height=\"288\" src=\"https:\/\/filmfestivaldorf.com\/hr\/wp-content\/uploads\/2021\/07\/novival.jpg\" class=\"attachment-large size-large\" alt=\"\" loading=\"lazy\" \/>\t\t\t\t\t\t\n\t\t\t\t\t<\/div>\n\t\t\t\t\t\t\t\t\n<style scope=\"scope\">\n\n#image_1321548323 {\n  width: 100%;\n}\n<\/style>\n\t<\/div>\n\t\n<\/div><\/div>\n<\/div>\n<div class=\"row\"  id=\"row-1451708505\">\n<div class=\"col medium-6 small-12 large-6\"  ><div class=\"col-inner\"  >\n\t<div class=\"img has-hover x md-x lg-x y md-y lg-y\" id=\"image_1354990770\">\n\t\t\t\t\t\t\t\t<div class=\"img-inner dark\" >\n\t\t\t<img width=\"512\" height=\"717\" src=\"https:\/\/filmfestivaldorf.com\/hr\/wp-content\/uploads\/2021\/07\/onesutu.jpg\" class=\"attachment-large size-large\" alt=\"\" loading=\"lazy\" srcset=\"https:\/\/filmfestivaldorf.com\/hr\/wp-content\/uploads\/2021\/07\/onesutu.jpg 512w, https:\/\/filmfestivaldorf.com\/hr\/wp-content\/uploads\/2021\/07\/onesutu-286x400.jpg 286w\" sizes=\"(max-width: 512px) 100vw, 512px\" \/>\t\t\t\t\t\t\n\t\t\t\t\t<\/div>\n\t\t\t\t\t\t\t\t\n<style scope=\"scope\">\n\n#image_1354990770 {\n  width: 100%;\n}\n<\/style>\n\t<\/div>\n\t\n<\/div><\/div>\n<div class=\"col medium-6 small-12 large-6\"  ><div class=\"col-inner\"  >\n<p><strong>\u201eOne su tu\u201c<\/strong>, (Hrvatska, UMAS Split, 2021),<\/p>\n<p>re\u017eija: Andrijana Mirna Marin, 45&#8242;<\/p>\n<p>\u201cOne su tu\u201d srednjometra\u017eni je dokumentarni film mlade autorice iz Splita, koji prati \u010detiri kantautorice i dva benda. Sara Renar, Nina Romi\u0107, Billie Joan, Mary May, Pun\u010dke i Seven Mouldy Figs progovaraju o svojim iskustvima i polo\u017eaju \u017eena u glazbenoj industriji. Njihove se pri\u010de isprepli\u0107u i razilaze, ali im je svima zajedni\u010dka strast prema glazbi. Pri\u010daju o diskriminaciji s kojom se susre\u0107u,<\/p>\n<p>klasi\u010dnom izdava\u0161tvu u 21.st. i ulozi dru\u0161tvenih mre\u017ea u njihovim karijerama te iskreno<\/p>\n<p>progovaraju o motivaciji i inspiraciji koja tjera mlade \u017eene da stvaraju glazbu.<\/p>\n<\/div><\/div>\n<\/div>\n<div class=\"row\"  id=\"row-45645087\">\n<div class=\"col medium-6 small-12 large-6\"  ><div class=\"col-inner\"  >\n<p><strong>\u201eJedno dobro putovanje\u201c<\/strong> , (Hrvatska, Filmaktiv, 2021)<\/p>\n<p>Krivac, Moris i Marin &#8211; tri japanska premijera, tri socijalna izop\u0107enika, tri glazbenika iz fotelje idu na jedno dobro, desetogodi\u0161nje putovanje. U filmu upoznajemo \u010dlanove rije\u010dkog benda Japanski Premijeri. S njima smo od osnutka i promatramo kako je njihov odnos izrastao od davnog poznanstva do neraskidivog prijateljstva. Svoj lutala\u010dki duh i glazbu hrane putovanjima na kojima bje\u017ee od sviju i zatvaraju se u svoj mikrosvijet. Upoznajemo ih kroz arhive i glazbu koji nas vode na nostalgi\u010dna mjesta na kojima smo svi jednom bili.<\/p>\n<\/div><\/div>\n<div class=\"col medium-6 small-12 large-6\"  ><div class=\"col-inner\"  >\n\t<div class=\"img has-hover x md-x lg-x y md-y lg-y\" id=\"image_1229696210\">\n\t\t\t\t\t\t\t\t<div class=\"img-inner dark\" >\n\t\t\t<img width=\"512\" height=\"512\" src=\"https:\/\/filmfestivaldorf.com\/hr\/wp-content\/uploads\/2021\/07\/japanskipremijeri.jpg\" class=\"attachment-large size-large\" alt=\"\" loading=\"lazy\" srcset=\"https:\/\/filmfestivaldorf.com\/hr\/wp-content\/uploads\/2021\/07\/japanskipremijeri.jpg 512w, https:\/\/filmfestivaldorf.com\/hr\/wp-content\/uploads\/2021\/07\/japanskipremijeri-400x400.jpg 400w, https:\/\/filmfestivaldorf.com\/hr\/wp-content\/uploads\/2021\/07\/japanskipremijeri-280x280.jpg 280w\" sizes=\"(max-width: 512px) 100vw, 512px\" \/>\t\t\t\t\t\t\n\t\t\t\t\t<\/div>\n\t\t\t\t\t\t\t\t\n<style scope=\"scope\">\n\n#image_1229696210 {\n  width: 100%;\n}\n<\/style>\n\t<\/div>\n\t\n<\/div><\/div>\n<\/div>\n<div class=\"row\"  id=\"row-1862491721\">\n<div class=\"col medium-6 small-12 large-6\"  ><div class=\"col-inner\"  >\n\t<div class=\"img has-hover x md-x lg-x y md-y lg-y\" id=\"image_304928079\">\n\t\t\t\t\t\t\t\t<div class=\"img-inner dark\" >\n\t\t\t<img width=\"512\" height=\"350\" src=\"https:\/\/filmfestivaldorf.com\/hr\/wp-content\/uploads\/2021\/07\/indexi.jpg\" class=\"attachment-large size-large\" alt=\"\" loading=\"lazy\" \/>\t\t\t\t\t\t\n\t\t\t\t\t<\/div>\n\t\t\t\t\t\t\t\t\n<style scope=\"scope\">\n\n#image_304928079 {\n  width: 100%;\n}\n<\/style>\n\t<\/div>\n\t\n<\/div><\/div>\n<div class=\"col medium-6 small-12 large-6\"  ><div class=\"col-inner\"  >\n<p><strong>\u201eIndexi\u201c<\/strong> , (BiH, Radio televizija BiH, 2020)<\/p>\n<p>re\u017eija: Zoran Kubura, Bojan Had\u017eiabdi\u0107, 108&#8242;<\/p>\n<p>Odli\u010dan, dugoo\u010dekivani film o legendarnom sarajevskom sastavu. \u201cRokeri u frakovima\u201d su kroz \u010detiri desetlje\u0107a postojanja lutali od avangarde do festivalskih \u0161lagera i nazad, sve vrijeme opstaju\u0107i kao jedna od najautenti\u010dnijih pojava jugoslovenske muzi\u010dke scene i za\u0161titni znak grada u kojem su stvarali. Sarajevo je iznjedrilo i tira\u017enije i popularnije bendove od Indexa, ali za Sarajlije nikada nitko nije bio ve\u0107i od njih. <em>Hrvatska premijera.<\/em><\/p>\n<\/div><\/div>\n<\/div>\n<div class=\"row\"  id=\"row-482086219\">\n<div class=\"col medium-6 small-12 large-6\"  ><div class=\"col-inner\"  >\n<p style=\"font-weight: 400;\"><strong>\u201eRock bozon\u201c<\/strong>, (Hrvatska, Istra film, 2021)<\/p>\n<p style=\"font-weight: 400;\">re\u017eija: Bernardin Modri\u0107, 38&#8242;<\/p>\n<p style=\"font-weight: 400;\">Autor i njegovi suradnici prate zbivanja na rije\u010dkoj rock sceni tra\u017ee\u0107i odgovore na brojna pitanja o sada\u0161njosti i budu\u0107nosti rock glazbe. Protagonisti filma svjesni su svoga djelovanja u jednom novom svijetu informatiziranosti i munjevitoga protoka informaciia, svijetu \u010dija ie konzumeristi\u010dka filozofija demokratizirala nedostupnost tehnike i instrumenata, putem interneta prakti\u010dno slu\u0161ateljima cijeloga planeta. Rije\u010dke rock grupe uporno tra\u017ee svoje mjesto pod suncem, ali kako ie komercijalni potencijal njihovih ostvarenja minoran, a pravila nemilosrdna, \u010desto se gase nakon 3-4 godine djelovanja. Medutim, zahvaljuju\u0107i niima rock jo\u0161 uvijek \u017eivi.\u00a0<em>Hrvatska premijera<\/em>.<\/p>\n<\/div><\/div>\n<div class=\"col medium-6 small-12 large-6\"  ><div class=\"col-inner\"  >\n\t<div class=\"img has-hover x md-x lg-x y md-y lg-y\" id=\"image_198966239\">\n\t\t\t\t\t\t\t\t<div class=\"img-inner dark\" >\n\t\t\t<img width=\"512\" height=\"342\" src=\"https:\/\/filmfestivaldorf.com\/hr\/wp-content\/uploads\/2021\/07\/rock-bozon.jpg\" class=\"attachment-large size-large\" alt=\"\" loading=\"lazy\" \/>\t\t\t\t\t\t\n\t\t\t\t\t<\/div>\n\t\t\t\t\t\t\t\t\n<style scope=\"scope\">\n\n#image_198966239 {\n  width: 100%;\n}\n<\/style>\n\t<\/div>\n\t\n<\/div><\/div>\n<\/div>\n<div class=\"container section-title-container\" ><h3 class=\"section-title section-title-normal\"><b><\/b><span class=\"section-title-main\" >TAJNA POVIJEST ROCKA<\/span><b><\/b><\/h3><\/div><!-- .section-title -->\n<div class=\"row\"  id=\"row-285307755\">\n<div class=\"col medium-6 small-12 large-6\"  ><div class=\"col-inner\"  >\n<p><strong>\u201eDon&#8217;t go gentle \u2013 film about IDLES\u201c<\/strong> (Velika Britanija, MEA Films, 2021),<\/p>\n<p>re\u017eija: Mark Archer, 75\u2019<\/p>\n<p>Hrvatska premijera nagra\u0111ivanog dokumentarca o sjajnom britanskom sastavu IDLES, iz Bristola. Film o pronala\u017eenju njihove snage u ranjivosti. Vodi nas kroz prijateljstvo, insajderski upu\u0107uje u borbu za prostorom u kojem smo Razli\u010diti, neo\u010dekivano inspirativan i svakako must-see ovogodi\u0161njeg programa. Voljeli ih ili ne, dajte priliku ovom fanovski otvorenom pozivu za zajedni\u0161tvo, pogledajte na velikom ekranu kako je to biti-u-bandu, sigurni smo da \u0107ete nakon ovog filma po\u017eeljeti postati \u010dlan AF Gang ekipe. Gledamo najglasnije.<\/p>\n<\/div><\/div>\n<div class=\"col medium-6 small-12 large-6\"  ><div class=\"col-inner\"  >\n\t<div class=\"img has-hover x md-x lg-x y md-y lg-y\" id=\"image_1751653800\">\n\t\t\t\t\t\t\t\t<div class=\"img-inner dark\" >\n\t\t\t<img width=\"512\" height=\"724\" src=\"https:\/\/filmfestivaldorf.com\/hr\/wp-content\/uploads\/2021\/07\/DontgoG.jpg\" class=\"attachment-large size-large\" alt=\"\" loading=\"lazy\" srcset=\"https:\/\/filmfestivaldorf.com\/hr\/wp-content\/uploads\/2021\/07\/DontgoG.jpg 512w, https:\/\/filmfestivaldorf.com\/hr\/wp-content\/uploads\/2021\/07\/DontgoG-283x400.jpg 283w\" sizes=\"(max-width: 512px) 100vw, 512px\" \/>\t\t\t\t\t\t\n\t\t\t\t\t<\/div>\n\t\t\t\t\t\t\t\t\n<style scope=\"scope\">\n\n#image_1751653800 {\n  width: 100%;\n}\n<\/style>\n\t<\/div>\n\t\n<\/div><\/div>\n<\/div>\n<div class=\"row\"  id=\"row-1346002474\">\n<div class=\"col medium-6 small-12 large-6\"  ><div class=\"col-inner\"  >\n\t<div class=\"img has-hover x md-x lg-x y md-y lg-y\" id=\"image_1921693462\">\n\t\t\t\t\t\t\t\t<div class=\"img-inner dark\" >\n\t\t\t<img width=\"512\" height=\"288\" src=\"https:\/\/filmfestivaldorf.com\/hr\/wp-content\/uploads\/2021\/07\/gonzospotovi.jpg\" class=\"attachment-large size-large\" alt=\"\" loading=\"lazy\" \/>\t\t\t\t\t\t\n\t\t\t\t\t<\/div>\n\t\t\t\t\t\t\t\t\n<style scope=\"scope\">\n\n#image_1921693462 {\n  width: 100%;\n}\n<\/style>\n\t<\/div>\n\t\n<\/div><\/div>\n<div class=\"col medium-6 small-12 large-6\"  ><div class=\"col-inner\"  >\n<p><strong>Spotovi \u2013 izbor Radislav Jovanov Gonzo<\/strong>, 25&#8242;<\/p>\n<p>Prisje\u0107amo se nekih od najboljih doma\u0107ih spotova, dok \u010dekamo progla\u0161enje pobjednika i uru\u010denje DORF nagrada. Sa velikim zadovoljstvom, po izboru velikog Gonza gledamo njemu najdra\u017ee spotove iz impresivnog kataloga.<\/p>\n<\/div><\/div>\n<\/div>\n\t<div id=\"gap-413124323\" class=\"gap-element clearfix\" style=\"display:block; height:auto;\">\n\t\t\n<style scope=\"scope\">\n\n#gap-413124323 {\n  padding-top: 60px;\n}\n<\/style>\n\t<\/div>\n\t\n<div class=\"row\"  id=\"row-239606897\">\n<div class=\"col medium-6 small-12 large-6\"  ><div class=\"col-inner\"  >\n\t<div class=\"img has-hover x md-x lg-x y md-y lg-y\" id=\"image_275551466\">\n\t\t\t\t\t\t\t\t<div class=\"img-inner dark\" >\n\t\t\t<img width=\"512\" height=\"768\" src=\"https:\/\/filmfestivaldorf.com\/hr\/wp-content\/uploads\/2021\/07\/izlozbaplakata.jpg\" class=\"attachment-large size-large\" alt=\"\" loading=\"lazy\" srcset=\"https:\/\/filmfestivaldorf.com\/hr\/wp-content\/uploads\/2021\/07\/izlozbaplakata.jpg 512w, https:\/\/filmfestivaldorf.com\/hr\/wp-content\/uploads\/2021\/07\/izlozbaplakata-267x400.jpg 267w\" sizes=\"(max-width: 512px) 100vw, 512px\" \/>\t\t\t\t\t\t\n\t\t\t\t\t<\/div>\n\t\t\t\t\t\t\t\t\n<style scope=\"scope\">\n\n#image_275551466 {\n  width: 100%;\n}\n<\/style>\n\t<\/div>\n\t\n<\/div><\/div>\n<div class=\"col medium-6 small-12 large-6\"  ><div class=\"col-inner\"  >\n<p>OFF\/<strong>Izlo\u017eba<\/strong> plakata \u201e\u017dedno uho\u201c<\/p>\n<p>16.08. (ponedjeljak) u 19:00 sati \u2013 otvorenje izlo\u017ebe@Hang Loose<\/p>\n<p>Mate nam daje plakate \u017dedno uho koncerata koje su organizirali i kojima su pomicali granice. Sve ih je lijepio naj\u010de\u0161\u0107e sam, na biciklu, tolike godine bez interneta tvrdoglavo je i hrabro dovodio bandove koje svi volimo i koje smo imali priliku vidjeti u naponu snage. Vrana, Darko, Hof, Bara i jo\u0161 neki koji su dio \u017dedno uho kolektiva, odnosno koji su autori ovih plakata \u2013 zaslu\u017eni su za jednu od najpri\u010da doma\u0107eg undergrounda, va\u017eni su i njihovi plakati \u010duvaju se kao uspomena, drago sje\u0107anje. Neki od tih plakata \u010dekaju vas u Hang Loose baru, cijeli tjedan ih na miru pogledajte i prisjetite se svih tih divnih koncerata, o kojima ste ma\u0161tali ili ste i bili na njima&#8230;<\/p>\n<p>Izlo\u017eba je otvorena do ponedjeljka 23.08.<\/p>\n<\/div><\/div>\n<\/div>\n<div class=\"row\"  id=\"row-999713623\">\n<div class=\"col medium-6 small-12 large-6\"  ><div class=\"col-inner\"  >\n<p>OFF\/<strong>Promocija<\/strong> magazina \u201e46 pgs.\u201c<\/p>\n<p>20.08. (petak) u 18:00 sati @Hang Loose<\/p>\n<p>Nevio je pro\u0161le godine pokrenuo hrabro, sa skupinom istomi\u0161ljenika, tiskani magazin, posvetu, odnosno \u201c46pgs. je magazin koji \u017eeli pokazati\u00a0strast u rije\u010dima, slikama i pismima. Postoji li ljep\u0161i alat da se predstavi ne\u0161to tako lijepo i va\u017eno, nego grafi\u010dki dizajn?\u201d. Premijerno u Vinkovcima predstavljamo sada ve\u0107 6 brojeva, od kojih su prvi u potpunosti rasprodani \u2013 dru\u017eimo se, listamo i slu\u0161amo soundtrack stranica koje donose osobna iskustva glazbe, filma, knji\u017eevnosti &#8230; upakirana u grunge trash dizajn.<\/p>\n<\/div><\/div>\n<div class=\"col medium-6 small-12 large-6\"  ><div class=\"col-inner\"  >\n\t<div class=\"img has-hover x md-x lg-x y md-y lg-y\" id=\"image_1459326989\">\n\t\t\t\t\t\t\t\t<div class=\"img-inner dark\" >\n\t\t\t<img width=\"512\" height=\"390\" src=\"https:\/\/filmfestivaldorf.com\/hr\/wp-content\/uploads\/2021\/07\/46pgs.jpg\" class=\"attachment-large size-large\" alt=\"\" loading=\"lazy\" \/>\t\t\t\t\t\t\n\t\t\t\t\t<\/div>\n\t\t\t\t\t\t\t\t\n<style scope=\"scope\">\n\n#image_1459326989 {\n  width: 100%;\n}\n<\/style>\n\t<\/div>\n\t\n<\/div><\/div>\n<\/div>\n<div class=\"row\"  id=\"row-321318504\">\n<div class=\"col medium-6 small-12 large-6\"  ><div class=\"col-inner\"  >\n\t<div class=\"img has-hover x md-x lg-x y md-y lg-y\" id=\"image_2040707632\">\n\t\t\t\t\t\t\t\t<div class=\"img-inner dark\" >\n\t\t\t<img width=\"512\" height=\"341\" src=\"https:\/\/filmfestivaldorf.com\/hr\/wp-content\/uploads\/2021\/07\/promocija.jpg\" class=\"attachment-large size-large\" alt=\"\" loading=\"lazy\" \/>\t\t\t\t\t\t\n\t\t\t\t\t<\/div>\n\t\t\t\t\t\t\t\t\n<style scope=\"scope\">\n\n#image_2040707632 {\n  width: 100%;\n}\n<\/style>\n\t<\/div>\n\t\n<\/div><\/div>\n<div class=\"col medium-6 small-12 large-6\"  ><div class=\"col-inner\"  >\n<p>OFF\/<strong>Promocija<\/strong> knjige \u201eGlazba za \u017eedno uho\u201c<\/p>\n<p>21.08. (subota) u 18:00 sati @Hang Loose<\/p>\n<p>U suradnji sa specijaliziranom glazbenom knji\u017earom <strong>Rockmark<\/strong>, predstavljamo autobiografsku knjigu <strong>\u201eGlazba za \u017eedno uho\u201c<\/strong> legendarnog glazbenog promotera Mate \u0160kugora. Knjiga je objavljena ove godine, ispovijest o odrastanju u rodnom \u0160ibeniku, stasanju u Zagrebu i albumima koji su mu pritom pravili dru\u0161tvo i mijenjali \u017eivot. Na vi\u0161e od 350 stranica, kroz osobnu, neposrednu i razigranu pri\u010du doznat \u0107ete kako su ljubav i strast prema glazbi prerasli u ozbiljan posao i kako je heroje s omiljenih mu albuma dovodio na pozornice \u017eele\u0107i sa \u0161to je vi\u0161e ljudi mogu\u0107e podijeliti ono isto ushi\u0107enje koje je osjetio kada ih je prvi puta \u010duo. Uz uvijek zanimljiva podsje\u0107anja na koncertne, kao i na zgode iza scene, mimo glazbenog narativa otkrivat \u0107ete i lice i nali\u010dje dru\u0161tva i njegov odnos prema glazbi i kulturi op\u0107enito.<\/p>\n<\/div><\/div>\n<\/div>\n<div class=\"row\"  id=\"row-1403017424\">\n<div class=\"col medium-6 small-12 large-6\"  ><div class=\"col-inner\"  >\n<p>OFF\/<strong>KONCERT<\/strong> LIL&#8217;BEAR vs.HARP EXPLOSION<\/p>\n<p>21.08. (subota) u 22:30 sati @Hang Loose<\/p>\n<p>U glazbenom dijelu programa, uz tematske slu\u0161aonice ponosno predstavljamo u\u017eivo 2 velika vinkova\u010dka glazbenika \u2013velemajstor beatboxa <strong>Mislav Medi\u0107 Lil&#8217;Bear<\/strong> u dru\u0161tvu sa \u010darobnjakom na usnoj harmonici <strong>Igorom \u0110ekeom Harp Explosion<\/strong>, u zajedni\u010dkom nastupu, nakon sve\u010danog progla\u0161enja pobjednika.<\/p>\n<\/div><\/div>\n<div class=\"col medium-6 small-12 large-6\"  ><div class=\"col-inner\"  >\n\t<div class=\"img has-hover x md-x lg-x y md-y lg-y\" id=\"image_109242879\">\n\t\t\t\t\t\t\t\t<div class=\"img-inner dark\" >\n\t\t\t<img width=\"512\" height=\"341\" src=\"https:\/\/filmfestivaldorf.com\/hr\/wp-content\/uploads\/2021\/07\/harp-explosion.jpg\" class=\"attachment-large size-large\" alt=\"\" loading=\"lazy\" \/>\t\t\t\t\t\t\n\t\t\t\t\t<\/div>\n\t\t\t\t\t\t\t\t\n<style scope=\"scope\">\n\n#image_109242879 {\n  width: 100%;\n}\n<\/style>\n\t<\/div>\n\t\n<\/div><\/div>\n<\/div>\n<div class=\"row\"  id=\"row-574108545\">\n<div class=\"col medium-6 small-12 large-6\"  ><div class=\"col-inner\"  >\n\t<div class=\"img has-hover x md-x lg-x y md-y lg-y\" id=\"image_143982687\">\n\t\t\t\t\t\t\t\t<div class=\"img-inner dark\" >\n\t\t\t<img width=\"512\" height=\"384\" src=\"https:\/\/filmfestivaldorf.com\/hr\/wp-content\/uploads\/2021\/07\/vjeko.jpg\" class=\"attachment-large size-large\" alt=\"\" loading=\"lazy\" \/>\t\t\t\t\t\t\n\t\t\t\t\t<\/div>\n\t\t\t\t\t\t\t\t\n<style scope=\"scope\">\n\n#image_143982687 {\n  width: 100%;\n}\n<\/style>\n\t<\/div>\n\t\n<\/div><\/div>\n<div class=\"col medium-6 small-12 large-6\"  ><div class=\"col-inner\"  >\n<p>OFF\/ <strong>Slu\u0161aonica<\/strong>@Hang Loose<\/p>\n<p>Svake DORF ve\u010deri nakon projekcija dru\u017eimo se u Hang Loose. Slu\u0161amo glazbu i nastavljamo tematski, u istom filmu. Za 46 pgs. ve\u010der glazbu bira mastermind Nevio Buzov, na otvorenju slu\u0161amo novovalne hitove&#8230;a za ostale ve\u010deri \u0107emo vidjeti jo\u0161, ako vam sad ka\u017eemo onda ne\u0107e biti iznena\u0111enje.<\/p>\n<\/div><\/div>\n<\/div>\n<p><strong>16.08. (PONEDJELJAK) DORF INTRO<\/strong><br \/>\n@Hang Loose<br \/>\n19:00<br \/>\nOFF\/ IZLO\u017dBA PLAKATA \u201e \u017dedno uho\u201c &#8211; otvorenje<br \/>\n@Lapidarij GMV<br \/>\n20:00<br \/>\nDORF\/\u201cDaleka Obala u Americi\u201c, 50&#8242;<br \/>\nDORF\/\u201cZauvijek skladatelj: Rajko Dujmi\u0107\u201c, 40&#8242;<\/p>\n<p><strong>17.08. (UTORAK) AFV<\/strong><br \/>\n@Lapidarij GMV<br \/>\n20:30<br \/>\nAFV\/ SVE\u010cANO OTVORENJE 9.ANTI\u010cKIH FILMSKIH VE\u010cERI<br \/>\nFILM\/Silvestar Kolbas \u2013 \u201eRatni reporter\u201c, 60&#8242; + \u201eKino Crvena zvijezda\u201c, 11&#8242;<\/p>\n<p><strong>18.08. (SRIJEDA) AFV<\/strong><br \/>\n@Lapidarij GMV<br \/>\n19:30<br \/>\nAFV\/ PREDAVANJE Gradski muzej Vinkovci, saznajte sve novosti od ravnatelja Hrvoja Vuli\u0107a<\/p>\n<p>20:00<br \/>\nAFV\/ KVIZ Mario Kova\u010d, powered by Klasik TV<\/p>\n<p>21:30<br \/>\nAFV\/ FILM Ivan Ramljak \u2013 \u201eO jednoj mladosti\u201c, 70&#8242;<\/p>\n<p><strong>19.08. (\u010cETVRTAK) DORF<\/strong><\/p>\n<p>@Hang Loose<br \/>\n18:00 sati<br \/>\nOFF\/ PROMOCIJA MAGAZINA \u201e46 pgs.\u201c<\/p>\n<p>@Lapidarij GMV<br \/>\n20:00<br \/>\nSVE\u010cANO OTVORENJE 15.FESTIVALA DORF<br \/>\nDORF\/ \u201eOne su tu\u201c, 45&#8242;<br \/>\nDORF\/\u201eNovi val &#8211; 40 godina nakon\u201c, 100&#8242;<br \/>\n@Hang Loose<br \/>\n22:30<br \/>\nOFF\/ SLU\u0160AONICA \u2013 Ona se budi<\/p>\n<p><strong>20.08. (PETAK) DORF<\/strong><br \/>\n@Lapidarij GMV<br \/>\n20:00<br \/>\nDORF\/\u201eOdlazak\u201c, 60&#8242;<br \/>\nDORF\/\u201eRock bozon\u201c, 38&#8242;<br \/>\n21:45<br \/>\nDORF\/\u201cIndexi\u201c, 107&#8242;<\/p>\n<p><strong>21.08. (SUBOTA) DORF<\/strong><br \/>\n@Hang Loose<br \/>\n18:00<br \/>\nOFF\/ Promocija knjige \u201eGlazba za \u017eedno uho\u201c (Rockmark, 2021.)<br \/>\n@Lapidarij GMV<br \/>\n20:00<br \/>\nDORF\/ \u201eJedno dobro putovanje\u201c, 15&#8242;<br \/>\nDORF\/ \u201eDon&#8217;t go gentle: film about IDLES\u201c, 75&#8242;<br \/>\nDORF\/Spotovi \u2013 izbor Radislav Jovanov Gonzo, 25&#8242;<br \/>\n22:00 PROGLA\u0160ENJE I DODJELA NAGRADA 15.DORF<br \/>\n@Hang Loose<br \/>\n22:30<br \/>\nOFF\/Mislav Medi\u0107 Lil&#8217;Bear vs. Harp explosion, koncert<\/p>\n\t<section class=\"section\" id=\"section_1422853874\">\n\t\t<div class=\"bg section-bg fill bg-fill  bg-loaded\" >\n\n\t\t\t\n\t\t\t\n\t\t\t\n\n\t\t<\/div><!-- .section-bg -->\n\n\t\t<div class=\"section-content relative\">\n\t\t\t\n\t<div class=\"img has-hover x md-x lg-x y md-y lg-y\" id=\"image_1292038212\">\n\t\t\t\t\t\t\t\t<div class=\"img-inner dark\" >\n\t\t\t<img width=\"1020\" height=\"388\" src=\"https:\/\/filmfestivaldorf.com\/hr\/wp-content\/uploads\/2021\/07\/cover-1400x533.jpg\" class=\"attachment-large size-large\" alt=\"\" loading=\"lazy\" srcset=\"https:\/\/filmfestivaldorf.com\/hr\/wp-content\/uploads\/2021\/07\/cover-1400x533.jpg 1400w, https:\/\/filmfestivaldorf.com\/hr\/wp-content\/uploads\/2021\/07\/cover-800x304.jpg 800w, https:\/\/filmfestivaldorf.com\/hr\/wp-content\/uploads\/2021\/07\/cover-768x292.jpg 768w, https:\/\/filmfestivaldorf.com\/hr\/wp-content\/uploads\/2021\/07\/cover-1536x584.jpg 1536w, https:\/\/filmfestivaldorf.com\/hr\/wp-content\/uploads\/2021\/07\/cover-2048x779.jpg 2048w\" sizes=\"(max-width: 1020px) 100vw, 1020px\" \/>\t\t\t\t\t\t\n\t\t\t\t\t<\/div>\n\t\t\t\t\t\t\t\t\n<style scope=\"scope\">\n\n#image_1292038212 {\n  width: 100%;\n}\n<\/style>\n\t<\/div>\n\t\n\t\t<\/div><!-- .section-content -->\n\n\t\t\n<style scope=\"scope\">\n\n#section_1422853874 {\n  padding-top: 30px;\n  padding-bottom: 30px;\n}\n<\/style>\n\t<\/section>\n\t\n<p style=\"text-align: center;\"><strong>17.8. (UTORAK)<br \/><\/strong><em>@Lapidarij GMV<br \/><\/em>20:30<br \/><strong>Sve\u010dano otvorenje 9. Anti\u010dkih filmskih ve\u010deri<\/strong><\/p>\n<p>\u00a0<\/p>\n<div class=\"row\"  id=\"row-17496624\">\n<div class=\"col medium-6 small-12 large-6\"  ><div class=\"col-inner\"  >\n\t<div class=\"img has-hover x md-x lg-x y md-y lg-y\" id=\"image_178730740\">\n\t\t\t\t\t\t\t\t<div class=\"img-inner dark\" >\n\t\t\t<img width=\"512\" height=\"351\" src=\"https:\/\/filmfestivaldorf.com\/hr\/wp-content\/uploads\/2021\/07\/ratni-reporter.jpg\" class=\"attachment-large size-large\" alt=\"\" loading=\"lazy\" \/>\t\t\t\t\t\t\n\t\t\t\t\t<\/div>\n\t\t\t\t\t\t\t\t\n<style scope=\"scope\">\n\n#image_178730740 {\n  width: 100%;\n}\n<\/style>\n\t<\/div>\n\t\n<\/div><\/div>\n<div class=\"col medium-6 small-12 large-6\"  ><div class=\"col-inner\"  >\n<p><strong>\u201eRatni reporter&#8221;<\/strong><\/p>\n<p>(Hrvatska, Factum, 2011),<\/p>\n<p>re\u017eija: Silvestar Kolbas, 60&#8242;<\/p>\n<p><em>Ratni reporter<\/em>\u00a0prati zbivanja tijekom agresije na Hrvatsku 1991. godine, koja je promijenila \u017eivot svim njenim gra\u0111anima. Film nije istra\u017eivanje povijesnih istina, ve\u0107 autorovih osobnih istina. Koriste\u0107i snimke koje je na\u010dinio za vrijeme Domovinskog rata kao snimatelj Hrvatske televizije, autor iz prvog lica pri\u010da posve osobnu pri\u010du. Rat se doga\u0111a na mjestima gdje je odrastao i sanjao neke druge snove, ali stvarnost \u2013 ne samo ratna \u2013 pone\u0161to je druk\u010dija. Posve se razotkrivaju\u0107i, autor na primjeru svog \u017eivota nudi slojevitu i obuhvatnu paradigmu rata na na\u010din na koji je on vidi.<\/p>\n<\/div><\/div>\n<\/div>\n<div class=\"row\"  id=\"row-2077253942\">\n<div class=\"col medium-6 small-12 large-6\"  ><div class=\"col-inner\"  >\n\t<div class=\"img has-hover x md-x lg-x y md-y lg-y\" id=\"image_646692129\">\n\t\t\t\t\t\t\t\t<div class=\"img-inner dark\" >\n\t\t\t<img width=\"640\" height=\"400\" src=\"https:\/\/filmfestivaldorf.com\/hr\/wp-content\/uploads\/2021\/07\/kinocrvena1.jpg\" class=\"attachment-large size-large\" alt=\"\" loading=\"lazy\" \/>\t\t\t\t\t\t\n\t\t\t\t\t<\/div>\n\t\t\t\t\t\t\t\t\n<style scope=\"scope\">\n\n#image_646692129 {\n  width: 100%;\n}\n<\/style>\n\t<\/div>\n\t\n<\/div><\/div>\n<div class=\"col medium-6 small-12 large-6\"  ><div class=\"col-inner\"  >\n<p><strong>\u201eKino Crvena zvijezda&#8221; <\/strong><\/p>\n<p>(Hrvatska, Silvestar Kolbas, 2014),<\/p>\n<p>re\u017eija: Silvestar Kolbas, 11&#8242;<\/p>\n<p>Rije\u010dima autora: \u201cNa ru\u0161evinama kina mog djetinjstva na\u0161ao sam komadi\u0107e o\u0161te\u0107ene filmske vrpce s dijelovima filmskih radova iz produkcije biv\u0161e dr\u017eave. Propadanje je promijenilo sadr\u017eaj vrpce, dalo joj novu kvalitetu i proizvelo novi estetski u\u017eitak. Vrpca je ponovo na\u0161la put do publike. Ali ni\u0161ta vi\u0161e nije isto.\u201d<\/p>\n<\/div><\/div>\n<\/div>\n<div class=\"row\"  id=\"row-1499091599\">\n<div class=\"col medium-6 small-12 large-6\"  ><div class=\"col-inner\"  >\n\t<div class=\"img has-hover x md-x lg-x y md-y lg-y\" id=\"image_1011588786\">\n\t\t\t\t\t\t\t\t<div class=\"img-inner dark\" >\n\t\t\t<img width=\"512\" height=\"341\" src=\"https:\/\/filmfestivaldorf.com\/hr\/wp-content\/uploads\/2021\/07\/predavanje-GMV.jpg\" class=\"attachment-large size-large\" alt=\"\" loading=\"lazy\" \/>\t\t\t\t\t\t\n\t\t\t\t\t<\/div>\n\t\t\t\t\t\t\t\t\n<style scope=\"scope\">\n\n#image_1011588786 {\n  width: 100%;\n}\n<\/style>\n\t<\/div>\n\t\n<\/div><\/div>\n<div class=\"col medium-6 small-12 large-6\"  ><div class=\"col-inner\"  >\n<p><strong>18.8. (SRIJEDA)<\/strong><\/p>\n<p><em>@Lapidarij GMV<\/em><\/p>\n<p>19:30<\/p>\n<p><strong>Predavanje <\/strong>Gradski muzej Vinkovci<\/p>\n<p>Ve\u0107 tradicionalno predstavljanje novosti, uzbudljivo insajdersko izvje\u0161\u0107e sa neobjavljenim fotografijama i informacijama o arheolo\u0161kim otkri\u0107ima u Vinkovcima i okolici. Ponovo s nama je Hrvoje Vuli\u0107, ravnatelj&amp;prijatelj, koji \u0107e ispri\u010dati sve o GMV \u0161to ste oduvijek htjeli znati ali se niste usudili pitati.<\/p>\n<\/div><\/div>\n<\/div>\n<div class=\"row\"  id=\"row-395261954\">\n<div class=\"col medium-6 small-12 large-6\"  ><div class=\"col-inner\"  >\n\t<div class=\"img has-hover x md-x lg-x y md-y lg-y\" id=\"image_160592853\">\n\t\t\t\t\t\t\t\t<div class=\"img-inner dark\" >\n\t\t\t<img width=\"512\" height=\"340\" src=\"https:\/\/filmfestivaldorf.com\/hr\/wp-content\/uploads\/2021\/07\/mario-kovac.jpg\" class=\"attachment-large size-large\" alt=\"\" loading=\"lazy\" \/>\t\t\t\t\t\t\n\t\t\t\t\t<\/div>\n\t\t\t\t\t\t\t\t\n<style scope=\"scope\">\n\n#image_160592853 {\n  width: 100%;\n}\n<\/style>\n\t<\/div>\n\t\n<\/div><\/div>\n<div class=\"col medium-6 small-12 large-6\"  ><div class=\"col-inner\"  >\n<p>20:15<\/p>\n<p><strong>Kviz <\/strong>Mario Kova\u010d, powered by Klasik TV<\/p>\n<p>Nakon Morane Zibar, u suradnji s dugogodi\u0161njim partnerom Klasik TV organiziramo ponovo zanimljiv glazbeno-filmski kviz, koji vodi dr.sc.Mario Kova\u010d, reprezentativac. \u00a0Kao strastveni kviza\u0161, renesansni \u010dovjek, kojeg znamo ve\u0107 jako dugo ponovo je s nama i jedva \u010dekamo nova glazbeno-filmska pitanja.<\/p>\n<p>Nije se potrebno prijavljivati unaprijed, do\u0111ite na vrijeme, broj \u010dlanova ekipe je 1-3 \u010dlana. Nagrade najboljima osigurava craft pivovara Valens i Klasik TV.<\/p>\n<\/div><\/div>\n<\/div>\n<div class=\"row\"  id=\"row-1115149928\">\n<div class=\"col medium-6 small-12 large-6\"  ><div class=\"col-inner\"  >\n\t<div class=\"img has-hover x md-x lg-x y md-y lg-y\" id=\"image_1463391240\">\n\t\t\t\t\t\t\t\t<div class=\"img-inner dark\" >\n\t\t\t<img width=\"400\" height=\"576\" src=\"https:\/\/filmfestivaldorf.com\/hr\/wp-content\/uploads\/2021\/07\/OJEDNOJMLADOSTI.jpg\" class=\"attachment-large size-large\" alt=\"\" loading=\"lazy\" srcset=\"https:\/\/filmfestivaldorf.com\/hr\/wp-content\/uploads\/2021\/07\/OJEDNOJMLADOSTI.jpg 400w, https:\/\/filmfestivaldorf.com\/hr\/wp-content\/uploads\/2021\/07\/OJEDNOJMLADOSTI-278x400.jpg 278w\" sizes=\"(max-width: 400px) 100vw, 400px\" \/>\t\t\t\t\t\t\n\t\t\t\t\t<\/div>\n\t\t\t\t\t\t\t\t\n<style scope=\"scope\">\n\n#image_1463391240 {\n  width: 100%;\n}\n<\/style>\n\t<\/div>\n\t\n<\/div><\/div>\n<div class=\"col medium-6 small-12 large-6\"  ><div class=\"col-inner\"  >\n<p>21:30<\/p>\n<p><strong>\u201eO jednoj mladosti&#8221;<\/strong> (Hrvatska, ADU Zagreb, 2020)<\/p>\n<p>re\u017eija Ivan Ramljak, 78&#8242;<\/p>\n<p>Trinaest godina nakon iznenadne smrti nekada\u0161njeg najboljeg prijatelja, redatelj poku\u0161ava rekonstruirati njegov \u017eivot i njihov me\u0111usobni odnos, koriste\u0107i samo fotografije i video materijale koje je prijatelj tada snimao. Nagra\u0111ivani film Ivana Ramljaka, sjajnog autora, premijerno prikazujemo u Vinkovcima, ponosno. Me\u0111u njegovim ostvarenjima isti\u010de se trilogija dokumentaraca o zaboravljenim prostorima (<a href=\"https:\/\/www.havc.hr\/hrvatski-film\/katalog-hrvatskih-filmova\/kino-otok\"><em><strong>Kino otok<\/strong><\/em><\/a>,\u00a0<a href=\"https:\/\/www.havc.hr\/hrvatski-film\/katalog-hrvatskih-filmova\/dom-boraca\"><em><strong>Dom boraca<\/strong><\/em><\/a>\u00a0i\u00a0<a href=\"https:\/\/www.havc.hr\/hrvatski-film\/katalog-hrvatskih-filmova\/mezostajun\"><em><strong>Mezostajun<\/strong><\/em><\/a>) te dugometra\u017eni prvijenac\u00a0<a href=\"https:\/\/www.havc.hr\/hrvatski-film\/katalog-hrvatskih-filmova\/o-jednoj-mladosti\"><em><strong>O jednoj mladosti<\/strong><\/em><\/a>\u00a0s kojim je pobijedio u balkanskom programu Dokufesta, najzna\u010dajnijeg festivala dokumentarnog filma u regiji, a potom trijumfirao i na Danima hrvatskog filma, kao i na nedavnoj dodjeli nagrada Dokumetar portala\u00a0<a href=\"https:\/\/www.dokumentarni.net\/\"><strong>Dokumentarni.net<\/strong><\/a>.<\/p>\n<\/div><\/div>\n<\/div>\n<div class=\"row\"  id=\"row-746809012\">\n<div class=\"col medium-6 small-12 large-6\"  ><div class=\"col-inner\"  >\n\t<div class=\"img has-hover x md-x lg-x y md-y lg-y\" id=\"image_879066623\">\n\t\t\t\t\t\t\t\t<div class=\"img-inner dark\" >\n\t\t\t<img width=\"512\" height=\"361\" src=\"https:\/\/filmfestivaldorf.com\/hr\/wp-content\/uploads\/2021\/07\/stojan.jpg\" class=\"attachment-large size-large\" alt=\"\" loading=\"lazy\" \/>\t\t\t\t\t\t\n\t\t\t\t\t<\/div>\n\t\t\t\t\t\t\t\t\n<style scope=\"scope\">\n\n#image_879066623 {\n  width: 100%;\n}\n<\/style>\n\t<\/div>\n\t\n<\/div><\/div>\n<div class=\"col medium-6 small-12 large-6\"  ><div class=\"col-inner\"  >\n<p><strong>NAGRADA ZA DOPRINOS FILMU I ARHEOLOGIJI \u201cSTOJAN DIMITRIJEVI\u0106\u201d<\/strong><\/p>\n<p>Drugi dobitnik nagrade za doprinos filmu i arheologiji \u201eStojan Dimitrijevi\u0107\u201c je <strong>Silvestar Kolbas<\/strong><strong> &#8211;<\/strong> fotograf, snimatelj i redatelj, te filmski pedagog. Ro\u0111en je u Petrovcima 12. travnja 1956. godine, a odrastao u Vinkovcima. Diplomirao je filmsko i televizijsko snimanje 1982. godine na Akademiji dramske umjetnosti u Zagrebu. Danas je redoviti profesor na istoj \u0161koli. Bio je zaposlen kao snimatelj na Televiziji Zagreb \/ Hrvatskoj radioteleviziji od 1985.-1996. Tokom karijere snimio je vi\u0161e igranih i TV \u2013 filmova, serija i dokumentarnih filmova, izlagao fotografije, te objavljivao i ure\u0111ivao stru\u010dne radove iz podru\u010dja snimanja. I dalje radi kao slobodni snimatelj. Sam je i re\u017eirao vi\u0161e osobnih, auto-refleksivnih dokumentarnih (\u2018Sve o Evi\u2019, \u2018Ratni reporter\u2019, \u201820 dana na Tibetu\u2019) i eksperimentalnih filmova (\u2018Auto-portret V2.1\u2019, &#8216;Kino Crvena zvijezda&#8217;, &#8216;Toranj&#8217;). U autorskim dokumentarnim i eksperimentalnim filmovima, te fotografskim izlo\u017ebama \u010desto koristi autobiografsko ishodi\u0161te, ali i problematizira vizualne medije.<\/p>\n<\/div><\/div>\n<\/div>\n","protected":false},"excerpt":{"rendered":"<p>16.08. (PONEDJELJAK) DORF INTRO @Hang Loose 19:00 OFF\/ IZLO\u017dBA PLAKATA \u201e \u017dedno uho\u201c &#8211; otvorenje @Lapidarij GMV 20:00 DORF\/\u201cDaleka Obala u Americi\u201c, 50&#8242; DORF\/\u201cZauvijek skladatelj: Rajko Dujmi\u0107\u201c, 40&#8242; 17.08. (UTORAK) AFV @Lapidarij GMV 20:30 AFV\/ SVE\u010cANO OTVORENJE 9.ANTI\u010cKIH FILMSKIH VE\u010cERI FILM\/Silvestar Kolbas \u2013 \u201eRatni reporter\u201c, 60&#8242; + \u201eKino Crvena zvijezda\u201c, 11&#8242; 18.08. (SRIJEDA) AFV @Lapidarij [&#8230;]\n","protected":false},"author":1,"featured_media":0,"parent":0,"menu_order":0,"comment_status":"closed","ping_status":"closed","template":"","meta":{"_monsterinsights_skip_tracking":false,"_monsterinsights_sitenote_active":false,"_monsterinsights_sitenote_note":"","_monsterinsights_sitenote_category":0,"_links_to":"","_links_to_target":""},"aioseo_notices":[],"_links":{"self":[{"href":"https:\/\/filmfestivaldorf.com\/hr\/wp-json\/wp\/v2\/pages\/1882"}],"collection":[{"href":"https:\/\/filmfestivaldorf.com\/hr\/wp-json\/wp\/v2\/pages"}],"about":[{"href":"https:\/\/filmfestivaldorf.com\/hr\/wp-json\/wp\/v2\/types\/page"}],"author":[{"embeddable":true,"href":"https:\/\/filmfestivaldorf.com\/hr\/wp-json\/wp\/v2\/users\/1"}],"replies":[{"embeddable":true,"href":"https:\/\/filmfestivaldorf.com\/hr\/wp-json\/wp\/v2\/comments?post=1882"}],"version-history":[{"count":23,"href":"https:\/\/filmfestivaldorf.com\/hr\/wp-json\/wp\/v2\/pages\/1882\/revisions"}],"predecessor-version":[{"id":2526,"href":"https:\/\/filmfestivaldorf.com\/hr\/wp-json\/wp\/v2\/pages\/1882\/revisions\/2526"}],"wp:attachment":[{"href":"https:\/\/filmfestivaldorf.com\/hr\/wp-json\/wp\/v2\/media?parent=1882"}],"curies":[{"name":"wp","href":"https:\/\/api.w.org\/{rel}","templated":true}]}}