{"id":2243,"date":"2022-05-29T11:28:20","date_gmt":"2022-05-29T11:28:20","guid":{"rendered":"https:\/\/filmfestivaldorf.com\/hr\/?page_id=2243"},"modified":"2023-07-19T19:48:18","modified_gmt":"2023-07-19T19:48:18","slug":"2023-dorf-info","status":"publish","type":"page","link":"https:\/\/filmfestivaldorf.com\/hr\/2023-dorf-info\/","title":{"rendered":"2023 DORF INFO"},"content":{"rendered":"\t<div class=\"img has-hover x md-x lg-x y md-y lg-y\" id=\"image_1660629351\">\n\t\t\t\t\t\t\t\t<div class=\"img-inner dark\" >\n\t\t\t<img width=\"1020\" height=\"534\" src=\"https:\/\/filmfestivaldorf.com\/hr\/wp-content\/uploads\/2023\/07\/event-1400x733.jpg\" class=\"attachment-large size-large\" alt=\"\" loading=\"lazy\" srcset=\"https:\/\/filmfestivaldorf.com\/hr\/wp-content\/uploads\/2023\/07\/event-1400x733.jpg 1400w, https:\/\/filmfestivaldorf.com\/hr\/wp-content\/uploads\/2023\/07\/event-764x400.jpg 764w, https:\/\/filmfestivaldorf.com\/hr\/wp-content\/uploads\/2023\/07\/event-768x402.jpg 768w, https:\/\/filmfestivaldorf.com\/hr\/wp-content\/uploads\/2023\/07\/event-1536x804.jpg 1536w, https:\/\/filmfestivaldorf.com\/hr\/wp-content\/uploads\/2023\/07\/event.jpg 1920w\" sizes=\"(max-width: 1020px) 100vw, 1020px\" \/>\t\t\t\t\t\t\n\t\t\t\t\t<\/div>\n\t\t\t\t\t\t\t\t\n<style scope=\"scope\">\n\n#image_1660629351 {\n  width: 100%;\n}\n<\/style>\n\t<\/div>\n\t\n\t<div id=\"gap-531059420\" class=\"gap-element clearfix\" style=\"display:block; height:auto;\">\n\t\t\n<style scope=\"scope\">\n\n#gap-531059420 {\n  padding-top: 60px;\n}\n<\/style>\n\t<\/div>\n\t\n<div class=\"container section-title-container\" ><h3 class=\"section-title section-title-normal\"><b><\/b><span class=\"section-title-main\" >UVODNIK<\/span><b><\/b><\/h3><\/div><!-- .section-title -->\n<div id=\"row-987232082\" class=\"row\">\n<div class=\"col medium-6 small-12 large-6\">\n<div class=\"col-inner text-left\">\n<p><strong>Ve\u0107 17 godina gledamo i pri\u010damo i obo\u017eavamo filmove i glazbu i sve \u0161to je povezano u taj \u010darobni krug.<\/strong><\/p>\n<p>Uvijek je bila ideja da DORF bude taj mali prozor u svijet i poligon svima koji se \u017eele izraziti i sad imamo nikad ja\u010de VK mlade snage \u2013 uz ve\u0107 standardne Martina i Mirjanu, tu je dizajnerica Diana Matakovi\u0107, a \u010dlan \u017eirija je sjajni glumac Domagoj Ivankovi\u0107.<\/p>\n<p>Kao DJ tu su Dino i Vanja, sve aktivniji&amp;bolji i to posebno raduje. Lapidarij GMV je postao na\u0161e super mjesto, a Valens i Hang Loose prirodno mjesto za aftere.<\/p>\n<p>Jo\u0161 posebnija pri\u010da je oko nijemog filma Birtija, autora Joze Ivaki\u0107a iz davne 1929. a koji je LHD ekipu inspirirao za soundtrack i jedva \u010dekamo.<\/p>\n<\/div>\n<\/div>\n<div class=\"col medium-6 small-12 large-6\">\n<div class=\"col-inner text-left\">\n<p>U OFF DORF ponudi tu je ponovo Mario Kova\u010d, ove godine i kao laureat, a raduju nas sve bolji i konkretniji stripovi o glazbi, koje su uredili Kre\u0161o i Tino, nadamo se da \u0107e biti jo\u0161 iznena\u0111enja. Nagrada za \u017eivotno djelo s velikim Hvala za sve sjajne kazali\u0161ne \u010darolije koje nam je priu\u0161tio ide Sa\u0161i Ano\u010di\u0107u, koji je na\u017ealost ne\u0107e mo\u0107i primiti, ali na\u0161 skromni doprinos da se sa\u010duva uspomena na tog genijalca. Uglavnom: Neko Novo je vrijeme, nove tehnologije u na\u0161im \u017eivotima, nove ideje zabave, novi geto u kojem se nove generacije poku\u0161avaju zabaviti u ovim zeznutim vremenima, ali to je ve\u0107 neka druga pri\u010da.\u00a0<\/p>\n<p>Znate ve\u0107 sve: javite kofiananu, do\u0111ite nam u dobrom dru\u0161tvu i pratite nas na dru\u0161tvenim mre\u017eama, DORF je 4 dana ponovo u centru\u2026<\/p>\n<p><em>Toni \u0160ari\u0107, osniva\u010d i umjetni\u010dki direktor Festivala<\/em><\/p>\n<\/div>\n<\/div>\n<\/div>\n<div class=\"container section-title-container\" ><h3 class=\"section-title section-title-normal\"><b><\/b><span class=\"section-title-main\" >DORF \u017dIRI 2023<\/span><b><\/b><\/h3><\/div><!-- .section-title -->\n<div class=\"row\"  id=\"row-508492838\">\n<div class=\"col medium-4 small-12 large-4\"  ><div class=\"col-inner\"  >\n\t<div class=\"img has-hover x md-x lg-x y md-y lg-y\" id=\"image_83605130\">\n\t\t\t\t\t\t\t\t<div class=\"img-inner dark\" >\n\t\t\t<img width=\"419\" height=\"480\" src=\"https:\/\/filmfestivaldorf.com\/hr\/wp-content\/uploads\/2023\/07\/magda-ziri-1.jpg\" class=\"attachment-large size-large\" alt=\"\" loading=\"lazy\" srcset=\"https:\/\/filmfestivaldorf.com\/hr\/wp-content\/uploads\/2023\/07\/magda-ziri-1.jpg 419w, https:\/\/filmfestivaldorf.com\/hr\/wp-content\/uploads\/2023\/07\/magda-ziri-1-349x400.jpg 349w\" sizes=\"(max-width: 419px) 100vw, 419px\" \/>\t\t\t\t\t\t\n\t\t\t\t\t<\/div>\n\t\t\t\t\t\t\t\t\n<style scope=\"scope\">\n\n#image_83605130 {\n  width: 100%;\n}\n<\/style>\n\t<\/div>\n\t\n<p><strong>Magda Mas<\/strong> glazbenica, autorica pro\u0161logodi\u0161njeg pobjedni\u010dkog DORF filma \u201eBite of paradise\u201c, predsjednica \u017eirija<\/p>\n<\/div><\/div>\n<div class=\"col medium-4 small-12 large-4\"  ><div class=\"col-inner\"  >\n\t<div class=\"img has-hover x md-x lg-x y md-y lg-y\" id=\"image_1323928391\">\n\t\t\t\t\t\t\t\t<div class=\"img-inner dark\" >\n\t\t\t<img width=\"419\" height=\"480\" src=\"https:\/\/filmfestivaldorf.com\/hr\/wp-content\/uploads\/2023\/07\/dubravko.jpg\" class=\"attachment-large size-large\" alt=\"\" loading=\"lazy\" srcset=\"https:\/\/filmfestivaldorf.com\/hr\/wp-content\/uploads\/2023\/07\/dubravko.jpg 419w, https:\/\/filmfestivaldorf.com\/hr\/wp-content\/uploads\/2023\/07\/dubravko-349x400.jpg 349w\" sizes=\"(max-width: 419px) 100vw, 419px\" \/>\t\t\t\t\t\t\n\t\t\t\t\t<\/div>\n\t\t\t\t\t\t\t\t\n<style scope=\"scope\">\n\n#image_1323928391 {\n  width: 100%;\n}\n<\/style>\n\t<\/div>\n\t\n<p><strong>Dubravko Matakovi\u0107<\/strong> strip autor, genijalac, glazbenik<\/p>\n<\/div><\/div>\n<div class=\"col medium-4 small-12 large-4\"  ><div class=\"col-inner\"  >\n\t<div class=\"img has-hover x md-x lg-x y md-y lg-y\" id=\"image_1317740475\">\n\t\t\t\t\t\t\t\t<div class=\"img-inner dark\" >\n\t\t\t<img width=\"419\" height=\"480\" src=\"https:\/\/filmfestivaldorf.com\/hr\/wp-content\/uploads\/2023\/07\/domagoj-1.jpg\" class=\"attachment-large size-large\" alt=\"\" loading=\"lazy\" srcset=\"https:\/\/filmfestivaldorf.com\/hr\/wp-content\/uploads\/2023\/07\/domagoj-1.jpg 419w, https:\/\/filmfestivaldorf.com\/hr\/wp-content\/uploads\/2023\/07\/domagoj-1-349x400.jpg 349w\" sizes=\"(max-width: 419px) 100vw, 419px\" \/>\t\t\t\t\t\t\n\t\t\t\t\t<\/div>\n\t\t\t\t\t\t\t\t\n<style scope=\"scope\">\n\n#image_1317740475 {\n  width: 100%;\n}\n<\/style>\n\t<\/div>\n\t\n<p><strong>Domagoj Ivankovi\u0107<\/strong> glumac, lutkar, pa \u010dak i ma\u0111ioni\u010dar<\/p>\n<\/div><\/div>\n<\/div>\n<div class=\"row\"  id=\"row-519058030\">\n<div class=\"col small-12 large-12\"  ><div class=\"col-inner\"  >\n<div class=\"container section-title-container\" ><h3 class=\"section-title section-title-normal\"><b><\/b><span class=\"section-title-main\" >DORF DESIGN<\/span><b><\/b><\/h3><\/div><!-- .section-title -->\n<p>Autor ovogodi\u0161njeg vizualnog rje\u0161enja je <strong>Diana Matakovi\u0107<\/strong>, mlada dizajnerica iz Vinkovaca O vizualnom identitetu i promotivnim materijalima brine i dalje <strong>Martin Peranovi\u0107<\/strong>, dizajner iz Otoka. Za unikatne nagrade laureatima na ovogodi\u0161njem<br \/>festivalu zadu\u017eena je mlada vinkova\u010dka kiparica, slikarica i fotografkinja <strong>Mirjana Pjevac.<\/strong><\/p>\n<\/div><\/div>\n<\/div>\n<div class=\"row\"  id=\"row-730249983\">\n<div class=\"col medium-4 small-12 large-4\"  ><div class=\"col-inner\"  >\n\t<div class=\"img has-hover x md-x lg-x y md-y lg-y\" id=\"image_550440073\">\n\t\t\t\t\t\t\t\t<div class=\"img-inner dark\" >\n\t\t\t<img width=\"437\" height=\"500\" src=\"https:\/\/filmfestivaldorf.com\/hr\/wp-content\/uploads\/2023\/07\/diana-1.jpg\" class=\"attachment-large size-large\" alt=\"\" loading=\"lazy\" srcset=\"https:\/\/filmfestivaldorf.com\/hr\/wp-content\/uploads\/2023\/07\/diana-1.jpg 437w, https:\/\/filmfestivaldorf.com\/hr\/wp-content\/uploads\/2023\/07\/diana-1-350x400.jpg 350w\" sizes=\"(max-width: 437px) 100vw, 437px\" \/>\t\t\t\t\t\t\n\t\t\t\t\t<\/div>\n\t\t\t\t\t\t\t\t\n<style scope=\"scope\">\n\n#image_550440073 {\n  width: 100%;\n}\n<\/style>\n\t<\/div>\n\t\n<\/div><\/div>\n<div class=\"col medium-4 small-12 large-4\"  ><div class=\"col-inner\"  >\n\t<div class=\"img has-hover x md-x lg-x y md-y lg-y\" id=\"image_1309660285\">\n\t\t\t\t\t\t\t\t<div class=\"img-inner dark\" >\n\t\t\t<img width=\"437\" height=\"500\" src=\"https:\/\/filmfestivaldorf.com\/hr\/wp-content\/uploads\/2023\/07\/peranovic-martin.jpg\" class=\"attachment-large size-large\" alt=\"\" loading=\"lazy\" srcset=\"https:\/\/filmfestivaldorf.com\/hr\/wp-content\/uploads\/2023\/07\/peranovic-martin.jpg 437w, https:\/\/filmfestivaldorf.com\/hr\/wp-content\/uploads\/2023\/07\/peranovic-martin-350x400.jpg 350w\" sizes=\"(max-width: 437px) 100vw, 437px\" \/>\t\t\t\t\t\t\n\t\t\t\t\t<\/div>\n\t\t\t\t\t\t\t\t\n<style scope=\"scope\">\n\n#image_1309660285 {\n  width: 100%;\n}\n<\/style>\n\t<\/div>\n\t\n<\/div><\/div>\n<div class=\"col medium-4 small-12 large-4\"  ><div class=\"col-inner\"  >\n\t<div class=\"img has-hover x md-x lg-x y md-y lg-y\" id=\"image_1015997790\">\n\t\t\t\t\t\t\t\t<div class=\"img-inner dark\" >\n\t\t\t<img width=\"699\" height=\"800\" src=\"https:\/\/filmfestivaldorf.com\/hr\/wp-content\/uploads\/2022\/05\/mirjanapjevac.jpg\" class=\"attachment-large size-large\" alt=\"\" loading=\"lazy\" srcset=\"https:\/\/filmfestivaldorf.com\/hr\/wp-content\/uploads\/2022\/05\/mirjanapjevac.jpg 700w, https:\/\/filmfestivaldorf.com\/hr\/wp-content\/uploads\/2022\/05\/mirjanapjevac-350x400.jpg 350w\" sizes=\"(max-width: 699px) 100vw, 699px\" \/>\t\t\t\t\t\t\n\t\t\t\t\t<\/div>\n\t\t\t\t\t\t\t\t\n<style scope=\"scope\">\n\n#image_1015997790 {\n  width: 100%;\n}\n<\/style>\n\t<\/div>\n\t\n<\/div><\/div>\n<\/div>\n\t<div id=\"gap-1261803116\" class=\"gap-element clearfix\" style=\"display:block; height:auto;\">\n\t\t\n<style scope=\"scope\">\n\n#gap-1261803116 {\n  padding-top: 14px;\n}\n<\/style>\n\t<\/div>\n\t\n<div class=\"text-center\"><div class=\"is-divider divider clearfix\" style=\"background-color:rgb(0, 0, 0);\"><\/div><\/div><!-- .divider -->\n\t<div id=\"gap-302474027\" class=\"gap-element clearfix\" style=\"display:block; height:auto;\">\n\t\t\n<style scope=\"scope\">\n\n#gap-302474027 {\n  padding-top: 14px;\n}\n<\/style>\n\t<\/div>\n\t\n<div class=\"row\"  id=\"row-1080086807\">\n<div class=\"col medium-6 small-12 large-6\"  ><div class=\"col-inner\"  >\n\t<div class=\"img has-hover x md-x lg-x y md-y lg-y\" id=\"image_907262968\">\n\t\t\t\t\t\t\t\t<div class=\"img-inner dark\" >\n\t\t\t<img width=\"640\" height=\"640\" src=\"https:\/\/filmfestivaldorf.com\/hr\/wp-content\/uploads\/2023\/07\/sasa.jpg\" class=\"attachment-large size-large\" alt=\"\" loading=\"lazy\" srcset=\"https:\/\/filmfestivaldorf.com\/hr\/wp-content\/uploads\/2023\/07\/sasa.jpg 640w, https:\/\/filmfestivaldorf.com\/hr\/wp-content\/uploads\/2023\/07\/sasa-400x400.jpg 400w, https:\/\/filmfestivaldorf.com\/hr\/wp-content\/uploads\/2023\/07\/sasa-280x280.jpg 280w\" sizes=\"(max-width: 640px) 100vw, 640px\" \/>\t\t\t\t\t\t\n\t\t\t\t\t<\/div>\n\t\t\t\t\t\t\t\t\n<style scope=\"scope\">\n\n#image_907262968 {\n  width: 100%;\n}\n<\/style>\n\t<\/div>\n\t\n<div class=\"container section-title-container\" ><h3 class=\"section-title section-title-normal\"><b><\/b><span class=\"section-title-main\" >\u017dIVOTNO DJELO 2023 \u2013 SA\u0160A ANO\u010cI\u0106<\/span><b><\/b><\/h3><\/div><!-- .section-title -->\n<p>Nagradu za \u017eivotno djelo DORF ove godine dodjeljuje posthumno <b>Sa\u0161i Ano\u010di\u0107u<\/b> &#8211; briljantnom kazali\u0161nom redatelju i glumcu <b>Sa\u0161i Ano\u010di\u0107u<\/b>. Autor, glumac, redatelj i pedagog, iz Osijeka je pokrenuo i na\u017ealost, prerano, prije 2 godine prekinuo impresivnu karijeru. Posebno mjesto u suvremenom hrvatskom teatru zauzela je njegova \u201etrilogija gubitnika\u201c \u2013 Kauboji, Smisao \u017eivota gospodina Lojtrice te Niko i ni\u0161t poznat kao GospOUdinNOUbadi \u2013 tekstovi i izvedbe koje \u0107e ostati uzbudljiv i zanimljiv trag na\u0161eg vremena. U kazali\u0161nom vokabularu ostala je i \u201eano\u0107i\u0107ev\u0161tina\u201c, pojam koji zna\u010di kreativnost + strast + jasnu viziju. Tekstovi, upotreba glazbe i tehni\u010dka razina izvedbe, unikatna pojava i\u00a0 &#8211; poruka koja je svakom svojom akcijom \u017eivio&amp;artikulirao, koju je prenosio brojnim mladim glumcima. Kroz <i>malog \u010dovjeka<\/i>, utjecao je na sve, pa \u010dak i one koji su \u010dinili nepravdu. Ovom skromnom nagradom \u017eeljeli smo jo\u0161 jednom, kako bi on to volio re\u0107i &#8211; nje\u017eno ponoviti i zahvaliti na svim trenucima zadovoljstva, u\u017eitku gledanja i promi\u0161ljanja na\u0161eg vremena, kazali\u0161no glazbene \u010darolije koju je Sa\u0161a na tako cool na\u010din znao u\u010diniti va\u017enom.<\/p>\n<\/div><\/div>\n<div class=\"col medium-6 small-12 large-6\"  ><div class=\"col-inner\"  >\n\t<div class=\"img has-hover x md-x lg-x y md-y lg-y\" id=\"image_1449765772\">\n\t\t\t\t\t\t\t\t<div class=\"img-inner dark\" >\n\t\t\t<img width=\"640\" height=\"640\" src=\"https:\/\/filmfestivaldorf.com\/hr\/wp-content\/uploads\/2023\/07\/mario2-1.jpg\" class=\"attachment-large size-large\" alt=\"\" loading=\"lazy\" srcset=\"https:\/\/filmfestivaldorf.com\/hr\/wp-content\/uploads\/2023\/07\/mario2-1.jpg 640w, https:\/\/filmfestivaldorf.com\/hr\/wp-content\/uploads\/2023\/07\/mario2-1-400x400.jpg 400w, https:\/\/filmfestivaldorf.com\/hr\/wp-content\/uploads\/2023\/07\/mario2-1-280x280.jpg 280w\" sizes=\"(max-width: 640px) 100vw, 640px\" \/>\t\t\t\t\t\t\n\t\t\t\t\t<\/div>\n\t\t\t\t\t\t\t\t\n<style scope=\"scope\">\n\n#image_1449765772 {\n  width: 100%;\n}\n<\/style>\n\t<\/div>\n\t\n<div class=\"container section-title-container\" ><h3 class=\"section-title section-title-normal\"><b><\/b><span class=\"section-title-main\" >PRIZNANJE ZA DOPRINOS UNDERGROUNDU \u2013 MARIO KOVA\u010c<\/span><b><\/b><\/h3><\/div><!-- .section-title -->\n<p>Posebno DORF priznanje za doprinos undergroundu ove godine primit \u0107e <strong>Mario Kova\u010d<\/strong> &#8211; kazali\u0161ni redatelj, performer, DJ, glumac, doktor znanosti, scenarist, \u0161ahist, strastveni pub kviza\u0161 <strong>Mario Kova\u010d<\/strong>. Te\u0161ko je i pobrojati podru\u010dja u kojima se izrazio i ostavio prepoznatljiv trag, since 1975. Jo\u0161 nismo sku\u017eili koje od tih aktivnosti bi on sam izdvojio i za koju bi rekao da mu je najnaj. U Vinkovce nam dolazi \u010desto, a radujemo se i novim susretima u kolovozu. Ova mala nagrada je daavno zaslu\u017eena, za \u0161irenje podru\u010dja borbe \u2013 pribli\u017eavanja i mainstreamu i marginalcima, a prili\u010dno smo sigurni da \u0107e tu biti jo\u0161 puno toga, npr. s novom tehnologijom (da, \u010dekamo i prvi dugometra\u017eni film).<\/p>\n<\/div><\/div>\n<\/div>\n","protected":false},"excerpt":{"rendered":"<p>Ve\u0107 17 godina gledamo i pri\u010damo i obo\u017eavamo filmove i glazbu i sve \u0161to je povezano u taj \u010darobni krug. Uvijek je bila ideja da DORF bude taj mali prozor u svijet i poligon svima koji se \u017eele izraziti i sad imamo nikad ja\u010de VK mlade snage \u2013 uz ve\u0107 standardne Martina i Mirjanu, tu [&#8230;]\n","protected":false},"author":1,"featured_media":0,"parent":0,"menu_order":0,"comment_status":"closed","ping_status":"closed","template":"","meta":{"_monsterinsights_skip_tracking":false,"_monsterinsights_sitenote_active":false,"_monsterinsights_sitenote_note":"","_monsterinsights_sitenote_category":0,"_links_to":"","_links_to_target":""},"aioseo_notices":[],"_links":{"self":[{"href":"https:\/\/filmfestivaldorf.com\/hr\/wp-json\/wp\/v2\/pages\/2243"}],"collection":[{"href":"https:\/\/filmfestivaldorf.com\/hr\/wp-json\/wp\/v2\/pages"}],"about":[{"href":"https:\/\/filmfestivaldorf.com\/hr\/wp-json\/wp\/v2\/types\/page"}],"author":[{"embeddable":true,"href":"https:\/\/filmfestivaldorf.com\/hr\/wp-json\/wp\/v2\/users\/1"}],"replies":[{"embeddable":true,"href":"https:\/\/filmfestivaldorf.com\/hr\/wp-json\/wp\/v2\/comments?post=2243"}],"version-history":[{"count":20,"href":"https:\/\/filmfestivaldorf.com\/hr\/wp-json\/wp\/v2\/pages\/2243\/revisions"}],"predecessor-version":[{"id":2652,"href":"https:\/\/filmfestivaldorf.com\/hr\/wp-json\/wp\/v2\/pages\/2243\/revisions\/2652"}],"wp:attachment":[{"href":"https:\/\/filmfestivaldorf.com\/hr\/wp-json\/wp\/v2\/media?parent=2243"}],"curies":[{"name":"wp","href":"https:\/\/api.w.org\/{rel}","templated":true}]}}