{"id":2262,"date":"2022-05-29T11:41:47","date_gmt":"2022-05-29T11:41:47","guid":{"rendered":"https:\/\/filmfestivaldorf.com\/hr\/?page_id=2262"},"modified":"2023-07-20T07:48:45","modified_gmt":"2023-07-20T07:48:45","slug":"2023-dorf-filmovi","status":"publish","type":"page","link":"https:\/\/filmfestivaldorf.com\/hr\/2023-dorf-filmovi\/","title":{"rendered":"2023 DORF FILMOVI"},"content":{"rendered":"\t<div class=\"img has-hover x md-x lg-x y md-y lg-y\" id=\"image_113336310\">\n\t\t\t\t\t\t\t\t<div class=\"img-inner dark\" >\n\t\t\t<img width=\"1020\" height=\"534\" src=\"https:\/\/filmfestivaldorf.com\/hr\/wp-content\/uploads\/2023\/07\/event-1400x733.jpg\" class=\"attachment-large size-large\" alt=\"\" loading=\"lazy\" srcset=\"https:\/\/filmfestivaldorf.com\/hr\/wp-content\/uploads\/2023\/07\/event-1400x733.jpg 1400w, https:\/\/filmfestivaldorf.com\/hr\/wp-content\/uploads\/2023\/07\/event-764x400.jpg 764w, https:\/\/filmfestivaldorf.com\/hr\/wp-content\/uploads\/2023\/07\/event-768x402.jpg 768w, https:\/\/filmfestivaldorf.com\/hr\/wp-content\/uploads\/2023\/07\/event-1536x804.jpg 1536w, https:\/\/filmfestivaldorf.com\/hr\/wp-content\/uploads\/2023\/07\/event.jpg 1920w\" sizes=\"(max-width: 1020px) 100vw, 1020px\" \/>\t\t\t\t\t\t\n\t\t\t\t\t<\/div>\n\t\t\t\t\t\t\t\t\n<style scope=\"scope\">\n\n#image_113336310 {\n  width: 100%;\n}\n<\/style>\n\t<\/div>\n\t\n\t<div id=\"gap-24370574\" class=\"gap-element clearfix\" style=\"display:block; height:auto;\">\n\t\t\n<style scope=\"scope\">\n\n#gap-24370574 {\n  padding-top: 60px;\n}\n<\/style>\n\t<\/div>\n\t\n<div class=\"container section-title-container\" ><h3 class=\"section-title section-title-normal\"><b><\/b><span class=\"section-title-main\" >REGIONALNA KONKURENCIJA<\/span><b><\/b><\/h3><\/div><!-- .section-title -->\n\t<section class=\"section\" id=\"section_1473095368\">\n\t\t<div class=\"bg section-bg fill bg-fill  bg-loaded\" >\n\n\t\t\t\n\t\t\t\n\t\t\t\n\n\t\t<\/div><!-- .section-bg -->\n\n\t\t<div class=\"section-content relative\">\n\t\t\t\n<div class=\"row\"  id=\"row-597750555\">\n<div class=\"col medium-6 small-12 large-6\"  ><div class=\"col-inner\"  >\n\t<div class=\"img has-hover x md-x lg-x y md-y lg-y\" id=\"image_1672513596\">\n\t\t\t\t\t\t\t\t<div class=\"img-inner dark\" >\n\t\t\t<img width=\"855\" height=\"290\" src=\"https:\/\/filmfestivaldorf.com\/hr\/wp-content\/uploads\/2023\/07\/retro-boom.jpg\" class=\"attachment-large size-large\" alt=\"\" loading=\"lazy\" srcset=\"https:\/\/filmfestivaldorf.com\/hr\/wp-content\/uploads\/2023\/07\/retro-boom.jpg 855w, https:\/\/filmfestivaldorf.com\/hr\/wp-content\/uploads\/2023\/07\/retro-boom-800x271.jpg 800w, https:\/\/filmfestivaldorf.com\/hr\/wp-content\/uploads\/2023\/07\/retro-boom-768x260.jpg 768w\" sizes=\"(max-width: 855px) 100vw, 855px\" \/>\t\t\t\t\t\t\n\t\t\t\t\t<\/div>\n\t\t\t\t\t\t\t\t\n<style scope=\"scope\">\n\n#image_1672513596 {\n  width: 100%;\n}\n<\/style>\n\t<\/div>\n\t\n<p><strong>\u201eRetro Boom\u201c<\/strong> (Hrvatska, Eureka video, 2023),<\/p>\n<p>re\u017eija: Dalibor Platenik, 78&#8242;<\/p>\n<p>TRAILER <a href=\"https:\/\/www.youtube.com\/watch?v=Nm9hElbFDEE\" data-saferedirecturl=\"https:\/\/www.google.com\/url?q=https:\/\/www.youtube.com\/watch?v%3DNm9hElbFDEE&amp;source=gmail&amp;ust=1689876526578000&amp;usg=AOvVaw2EQ5QZaC3G9UbfOeCXnTxp\">https:\/\/www.youtube.com\/watch?v=Nm9hElbFDEE<\/a> \u00a0<\/p>\n<p>Odli\u010dno dokumentirana doma\u0107a retro scena, snimana u razdoblju 2013-2019.godine. Iako postoji dulje, posljednjih 10-ak godina vintage\/retro scena je vrlo vitalna i postaje privla\u010dna mla\u0111ima. Upoznajte vrhunske rockabilly i r&#8217;n&#8217;r bandove, modu, namje\u0161taj, motore i festivale (Tear it up, Trash&#8217;n&#8217;burn&#8230;) gdje mo\u017eete u\u017eivati u jedinstvenoj atmosferi. Festivalsku premijeru filma u dru\u0161tvu autora, gledamo Hrvnaravno u na\u0161em najcool baru Hang Loose.<\/p>\n<\/div><\/div>\n<div class=\"col medium-6 small-12 large-6\"  ><div class=\"col-inner\"  >\n\t<div class=\"img has-hover x md-x lg-x y md-y lg-y\" id=\"image_1280116608\">\n\t\t\t\t\t\t\t\t<div class=\"img-inner dark\" >\n\t\t\t<img width=\"855\" height=\"290\" src=\"https:\/\/filmfestivaldorf.com\/hr\/wp-content\/uploads\/2023\/07\/uspon-pad.jpg\" class=\"attachment-large size-large\" alt=\"\" loading=\"lazy\" srcset=\"https:\/\/filmfestivaldorf.com\/hr\/wp-content\/uploads\/2023\/07\/uspon-pad.jpg 855w, https:\/\/filmfestivaldorf.com\/hr\/wp-content\/uploads\/2023\/07\/uspon-pad-800x271.jpg 800w, https:\/\/filmfestivaldorf.com\/hr\/wp-content\/uploads\/2023\/07\/uspon-pad-768x260.jpg 768w\" sizes=\"(max-width: 855px) 100vw, 855px\" \/>\t\t\t\t\t\t\n\t\t\t\t\t<\/div>\n\t\t\t\t\t\t\t\t\n<style scope=\"scope\">\n\n#image_1280116608 {\n  width: 100%;\n}\n<\/style>\n\t<\/div>\n\t\n<p><strong>\u201eUspon i pad SFT-a\u201c<\/strong> (Hrvatska, Art radionica Lazareti i Audiovizualni centar Dubrovnik, 2023),<\/p>\n<p>re\u017eija: Rela Petric, 36&#8242;<\/p>\n<p>Pou\u010dna pri\u010da o ambicioznom glazbenom sastavu iz Dubrovnika koji je u procesu postizanja komercijalnog uspjeha na kraju tunela prona\u0161ao lampicu. Introspektivni pregled njihovih iskustava uo\u010di kraja tek jedne od niza avantura koje SFT jo\u0161 imaju pro\u017eivjeti. Kad bi mockumentary bio biljka, ovi ljudi bi mu bili najsimpati\u010dniji korov. Festivalsku premijeru gledamo u dru\u0161tvu autora.<\/p>\n<\/div><\/div>\n<div class=\"col medium-6 small-12 large-6\"  ><div class=\"col-inner\"  >\n\t<div class=\"img has-hover x md-x lg-x y md-y lg-y\" id=\"image_1291458767\">\n\t\t\t\t\t\t\t\t<div class=\"img-inner dark\" >\n\t\t\t<img width=\"855\" height=\"290\" src=\"https:\/\/filmfestivaldorf.com\/hr\/wp-content\/uploads\/2023\/07\/metal.jpg\" class=\"attachment-large size-large\" alt=\"\" loading=\"lazy\" srcset=\"https:\/\/filmfestivaldorf.com\/hr\/wp-content\/uploads\/2023\/07\/metal.jpg 855w, https:\/\/filmfestivaldorf.com\/hr\/wp-content\/uploads\/2023\/07\/metal-800x271.jpg 800w, https:\/\/filmfestivaldorf.com\/hr\/wp-content\/uploads\/2023\/07\/metal-768x260.jpg 768w\" sizes=\"(max-width: 855px) 100vw, 855px\" \/>\t\t\t\t\t\t\n\t\t\t\t\t<\/div>\n\t\t\t\t\t\t\t\t\n<style scope=\"scope\">\n\n#image_1291458767 {\n  width: 100%;\n}\n<\/style>\n\t<\/div>\n\t\n<p><strong>\u201eDalibor Trojak Show Metal Fest\u201c<\/strong> (Hrvatska, Dalibor Trojak, 2023),<\/p>\n<p>re\u017eija: Dalibor Trojak, 45&#8242;<\/p>\n<p>Koprivni\u010dka scena je sigurno trenutno najzanimljivija HR pri\u010da, a posebno mjesto u KC podzemlju zauzima Dalibor Trojak. Ne samo zbog sviranja u kultnoj Analnoj Psorijazi nego i podcastima i YT nastavku svoje U lipnju pro\u0161le godine pokrenuo je Metal Fest, na kojem je u klubu F.U.N.K. sviralo 7 bandova (ne samo metal nego i Trobecove Kru\u0161ne Pe\u0107i, Phantasmagoria&#8230;) a mi prikazujemo kratki zapis kako-je-bilo-dobro te ve\u010deri, u dru\u0161tvu autora.<\/p>\n<\/div><\/div>\n<div class=\"col medium-6 small-12 large-6\"  ><div class=\"col-inner\"  >\n\t<div class=\"img has-hover x md-x lg-x y md-y lg-y\" id=\"image_697327960\">\n\t\t\t\t\t\t\t\t<div class=\"img-inner dark\" >\n\t\t\t<img width=\"855\" height=\"290\" src=\"https:\/\/filmfestivaldorf.com\/hr\/wp-content\/uploads\/2023\/07\/opa.jpg\" class=\"attachment-large size-large\" alt=\"\" loading=\"lazy\" srcset=\"https:\/\/filmfestivaldorf.com\/hr\/wp-content\/uploads\/2023\/07\/opa.jpg 855w, https:\/\/filmfestivaldorf.com\/hr\/wp-content\/uploads\/2023\/07\/opa-800x271.jpg 800w, https:\/\/filmfestivaldorf.com\/hr\/wp-content\/uploads\/2023\/07\/opa-768x260.jpg 768w\" sizes=\"(max-width: 855px) 100vw, 855px\" \/>\t\t\t\t\t\t\n\t\t\t\t\t<\/div>\n\t\t\t\t\t\t\t\t\n<style scope=\"scope\">\n\n#image_697327960 {\n  width: 100%;\n}\n<\/style>\n\t<\/div>\n\t\n<p><strong>\u201eOpa! Videomusic Magazin \u2013 EP:Big Uglyville Scene\u201c<\/strong> (Hrvatska, Poanta pri\u010de, 2023),<\/p>\n<p>re\u017eija: Romano D.Franto, 68&#8242;<\/p>\n<p>Romano je performer kojeg smo ve\u0107 vi\u0161e puta upoznali i ovo je posebno zadovoljstvo, prvi \u0107emo prikazati omnibus koji dokumentira ovu turbulentnu dugogodi\u0161nju d.i.y. karijeru glumca\/pjesnika\/dipl.filozofa\/komi\u010dara\/glazbenika. Odli\u010dan prikaz muzi\u010dkih, video i izvedbenih projekata koje je Romano od 2005. do danas realizirao sa vi\u0161e od 50 kolega\/ica svih \u017eanrova i nastupao na desetcima festivala (kao i privatnim stanovima, ku\u0107ama, ulicama, balkonima&#8230;). Svjetska premijera.<\/p>\n<\/div><\/div>\n<\/div>\n\t\t<\/div><!-- .section-content -->\n\n\t\t\n<style scope=\"scope\">\n\n#section_1473095368 {\n  padding-top: 30px;\n  padding-bottom: 30px;\n}\n<\/style>\n\t<\/section>\n\t\n\t<section class=\"section\" id=\"section_240099835\">\n\t\t<div class=\"bg section-bg fill bg-fill  bg-loaded\" >\n\n\t\t\t\n\t\t\t\n\t\t\t\n\n\t\t<\/div><!-- .section-bg -->\n\n\t\t<div class=\"section-content relative\">\n\t\t\t\n<div class=\"row\"  id=\"row-818148354\">\n<div class=\"col medium-6 small-12 large-6\"  ><div class=\"col-inner\"  >\n\t<div class=\"img has-hover x md-x lg-x y md-y lg-y\" id=\"image_1789082908\">\n\t\t\t\t\t\t\t\t<div class=\"img-inner dark\" >\n\t\t\t<img width=\"855\" height=\"290\" src=\"https:\/\/filmfestivaldorf.com\/hr\/wp-content\/uploads\/2023\/07\/dreams.jpg\" class=\"attachment-large size-large\" alt=\"\" loading=\"lazy\" srcset=\"https:\/\/filmfestivaldorf.com\/hr\/wp-content\/uploads\/2023\/07\/dreams.jpg 855w, https:\/\/filmfestivaldorf.com\/hr\/wp-content\/uploads\/2023\/07\/dreams-800x271.jpg 800w, https:\/\/filmfestivaldorf.com\/hr\/wp-content\/uploads\/2023\/07\/dreams-768x260.jpg 768w\" sizes=\"(max-width: 855px) 100vw, 855px\" \/>\t\t\t\t\t\t\n\t\t\t\t\t<\/div>\n\t\t\t\t\t\t\t\t\n<style scope=\"scope\">\n\n#image_1789082908 {\n  width: 100%;\n}\n<\/style>\n\t<\/div>\n\t\n<p><strong>\u201eKaschade&#8217;s Dreams\u201c<\/strong> (Srbija, Interphone Entertainment, 2021),<\/p>\n<p>re\u017eija: Aleksandar Stojanovi\u0107 aka Kaschade, 18&#8242;<\/p>\n<p>Eksperimentalni kratki film autora iz Novog Sada, premijerno gledamo u Hrvatskoj. Film po\u010dinje prvim poglavljem nazvanim The Poem. U meditativnom drugom dijelu nazvanom Dreams nastavljamo vo\u017enju i pratimo autorove strahove, razmi\u0161ljanja i vizije. U ovom kratkom filmu tri su klju\u010dna instrumenta \u2013 sintisajzer, saksofon i bas gitara, a autor je ina\u010de snimio 5 albuma, 8 video spotova, te nekoliko kratkih filmova.<\/p>\n<\/div><\/div>\n<div class=\"col medium-4 small-12 large-4\"  ><div class=\"col-inner\"  >\n<\/div><\/div>\n<\/div>\n\t\t<\/div><!-- .section-content -->\n\n\t\t\n<style scope=\"scope\">\n\n#section_240099835 {\n  padding-top: 30px;\n  padding-bottom: 30px;\n}\n<\/style>\n\t<\/section>\n\t\n<div class=\"container section-title-container\" ><h3 class=\"section-title section-title-normal\"><b><\/b><span class=\"section-title-main\" >TAJNA POVIJEST ROCKA<\/span><b><\/b><\/h3><\/div><!-- .section-title -->\n\t<section class=\"section\" id=\"section_1360614003\">\n\t\t<div class=\"bg section-bg fill bg-fill  bg-loaded\" >\n\n\t\t\t\n\t\t\t\n\t\t\t\n\n\t\t<\/div><!-- .section-bg -->\n\n\t\t<div class=\"section-content relative\">\n\t\t\t\n<div class=\"row\"  id=\"row-561463064\">\n<div class=\"col medium-6 small-12 large-6\"  ><div class=\"col-inner\"  >\n\t<div class=\"img has-hover x md-x lg-x y md-y lg-y\" id=\"image_1171349699\">\n\t\t\t\t\t\t\t\t<div class=\"img-inner dark\" >\n\t\t\t<img width=\"855\" height=\"290\" src=\"https:\/\/filmfestivaldorf.com\/hr\/wp-content\/uploads\/2023\/07\/birtija.jpg\" class=\"attachment-large size-large\" alt=\"\" loading=\"lazy\" srcset=\"https:\/\/filmfestivaldorf.com\/hr\/wp-content\/uploads\/2023\/07\/birtija.jpg 855w, https:\/\/filmfestivaldorf.com\/hr\/wp-content\/uploads\/2023\/07\/birtija-800x271.jpg 800w, https:\/\/filmfestivaldorf.com\/hr\/wp-content\/uploads\/2023\/07\/birtija-768x260.jpg 768w\" sizes=\"(max-width: 855px) 100vw, 855px\" \/>\t\t\t\t\t\t\n\t\t\t\t\t<\/div>\n\t\t\t\t\t\t\t\t\n<style scope=\"scope\">\n\n#image_1171349699 {\n  width: 100%;\n}\n<\/style>\n\t<\/div>\n\t\n<p><strong>Birtija\u201c<\/strong> (Hrvatska, \u0160kola narodnog zdravlja Andrija \u0160tampar, 1929),<\/p>\n<p>re\u017eija: Joza Ivaki\u0107, 30&#8242;<\/p>\n<p>Dragulj hrvatske filmske ba\u0161tine koji premijerno u Vinkovcima prikazujemo ljubazno\u0161\u0107u Hrvatske kinoteke <em>Hrvatskog dr\u017eavnog arhiva<\/em>. Knji\u017eevnik i kazali\u0161ni redatelj <strong>Ivaki\u0107<\/strong>, vrsni poznavatelj slavonskog mentaliteta, kompetentno je obradio problem alkoholizma na slavonskom selu u ovoj naturalisti\u010dkoj drami snimljenoj na izvornim lokacijama. U glavnim ulogama pojavljuju se glumci Hrvatskog narodnog kazali\u0161ta, ali i natur\u0161\u010dik\u00a0<strong>Branko Marjanovi\u0107<\/strong>, sin voditelja filmskog odjela \u0160NZ-a\u00a0<strong>Milana Marjanovi\u0107a<\/strong>, kasnije i sam glasoviti filmski redatelj. Ekskluzivno, za projekciju u Vinkovcima glazbenu pratnju pripremili su surf-rock velemajstori LHD, koji \u0107e u\u017eivo odsvirati <strong>soundtrack<\/strong>.<\/p>\n<\/div><\/div>\n<div class=\"col medium-6 small-12 large-6\"  ><div class=\"col-inner\"  >\n\t<div class=\"img has-hover x md-x lg-x y md-y lg-y\" id=\"image_1144101523\">\n\t\t\t\t\t\t\t\t<div class=\"img-inner dark\" >\n\t\t\t<img width=\"855\" height=\"290\" src=\"https:\/\/filmfestivaldorf.com\/hr\/wp-content\/uploads\/2023\/07\/italo-disco.jpg\" class=\"attachment-large size-large\" alt=\"\" loading=\"lazy\" srcset=\"https:\/\/filmfestivaldorf.com\/hr\/wp-content\/uploads\/2023\/07\/italo-disco.jpg 855w, https:\/\/filmfestivaldorf.com\/hr\/wp-content\/uploads\/2023\/07\/italo-disco-800x271.jpg 800w, https:\/\/filmfestivaldorf.com\/hr\/wp-content\/uploads\/2023\/07\/italo-disco-768x260.jpg 768w\" sizes=\"(max-width: 855px) 100vw, 855px\" \/>\t\t\t\t\t\t\n\t\t\t\t\t<\/div>\n\t\t\t\t\t\t\t\t\n<style scope=\"scope\">\n\n#image_1144101523 {\n  width: 100%;\n}\n<\/style>\n\t<\/div>\n\t\n<p><strong>\u201eItalo Disco \u2013 The sparkling sound of the 80&#8217;s\u201c<\/strong> (Njema\u010dka\/Italija, Alpenway Media\/RAI, 2021),<\/p>\n<p>re\u017eija: Alessandro Melazzini, 63&#8242;<\/p>\n<p>TRAILER <a href=\"https:\/\/www.youtube.com\/watch?v=aJ1Z2NSccxA\" data-saferedirecturl=\"https:\/\/www.google.com\/url?q=https:\/\/www.youtube.com\/watch?v%3DaJ1Z2NSccxA&amp;source=gmail&amp;ust=1689876526578000&amp;usg=AOvVaw1tsBwz7P-1IiOxhoXVT8ca\">https:\/\/www.youtube.com\/watch?v=aJ1Z2NSccxA<\/a><\/p>\n<p><span lang=\"HR\">Povratak u pro\u0161lost, upoznajte zvuk vremena o kojem su vam vjerojatno puno pri\u010dali \u2013 \u017eanr koji je osvojio svijet i danas zvu\u010di zanimljivo. Upoznajte klju\u010dne aktere, najva\u017enije arhivske materijale i napokon saznajte vi\u0161e o tom glazbenom ali i estetskom (sociolo\u0161kom, business&#8230;) fenomenu koji su voljeli i jo\u0161 uvijek vole milioni mladih Europljana. Nakon filma nas DJ Ganja i Chempo Loco vode u svoj svijet sa Italo disco soundtrackom &#8211; obucite se prikladno i zabavite s nama. Hrvatska premijera. <\/span><\/p>\n<\/div><\/div>\n<div class=\"col medium-6 small-12 large-6\"  ><div class=\"col-inner\"  >\n\t<div class=\"img has-hover x md-x lg-x y md-y lg-y\" id=\"image_1399519730\">\n\t\t\t\t\t\t\t\t<div class=\"img-inner dark\" >\n\t\t\t<img width=\"855\" height=\"290\" src=\"https:\/\/filmfestivaldorf.com\/hr\/wp-content\/uploads\/2023\/07\/riffs.jpg\" class=\"attachment-large size-large\" alt=\"\" loading=\"lazy\" srcset=\"https:\/\/filmfestivaldorf.com\/hr\/wp-content\/uploads\/2023\/07\/riffs.jpg 855w, https:\/\/filmfestivaldorf.com\/hr\/wp-content\/uploads\/2023\/07\/riffs-800x271.jpg 800w, https:\/\/filmfestivaldorf.com\/hr\/wp-content\/uploads\/2023\/07\/riffs-768x260.jpg 768w\" sizes=\"(max-width: 855px) 100vw, 855px\" \/>\t\t\t\t\t\t\n\t\t\t\t\t<\/div>\n\t\t\t\t\t\t\t\t\n<style scope=\"scope\">\n\n#image_1399519730 {\n  width: 100%;\n}\n<\/style>\n\t<\/div>\n\t\n<p><strong>\u201eRiffs of revolution\u201c<\/strong> (Hrvatska, ReBL FiLM\/Udruga Trash, 2023),<\/p>\n<p>re\u017eija: Jurica Hi\u017eak, 87&#8242;<\/p>\n<p>TRAILER <a href=\"https:\/\/www.youtube.com\/watch?v=7ffxEU_OOGs\" data-saferedirecturl=\"https:\/\/www.google.com\/url?q=https:\/\/www.youtube.com\/watch?v%3D7ffxEU_OOGs&amp;source=gmail&amp;ust=1689876526578000&amp;usg=AOvVaw2amOlLbPFAAL-ZJXIrowfh\">https:\/\/www.youtube.com\/watch?v=7ffxEU_OOGs<\/a><\/p>\n<p>U bliskoj budu\u0107nosti, vlasnik agencije za autorska prava dr.Zemp terorizira vlasnike kafi\u0107a i uli\u010dne svira\u010de koji nisu platili \u201eglazbeni porez\u201c. Jedini \u010dovjek koji mu se mo\u017ee suprotstaviti je Ray, gitarist hard-rock banda Razor Jet, l+\u010dija glazba ljudima daje nadnaravnu fizi\u010dku snagu&#8230;Nije dokumentarac ali ga me\u0111u prvima gledamo u Vinkovcima, Trash Film Festival ekipa iz Vara\u017edina je snimila super film \u2013 nemojte propustiti dobru trash zabavu&#8230;<\/p>\n<\/div><\/div>\n<div class=\"col medium-6 small-12 large-6\"  ><div class=\"col-inner\"  >\n\t<div class=\"img has-hover x md-x lg-x y md-y lg-y\" id=\"image_1002485646\">\n\t\t\t\t\t\t\t\t<div class=\"img-inner dark\" >\n\t\t\t<img width=\"855\" height=\"290\" src=\"https:\/\/filmfestivaldorf.com\/hr\/wp-content\/uploads\/2023\/07\/sonic.jpg\" class=\"attachment-large size-large\" alt=\"\" loading=\"lazy\" srcset=\"https:\/\/filmfestivaldorf.com\/hr\/wp-content\/uploads\/2023\/07\/sonic.jpg 855w, https:\/\/filmfestivaldorf.com\/hr\/wp-content\/uploads\/2023\/07\/sonic-800x271.jpg 800w, https:\/\/filmfestivaldorf.com\/hr\/wp-content\/uploads\/2023\/07\/sonic-768x260.jpg 768w\" sizes=\"(max-width: 855px) 100vw, 855px\" \/>\t\t\t\t\t\t\n\t\t\t\t\t<\/div>\n\t\t\t\t\t\t\t\t\n<style scope=\"scope\">\n\n#image_1002485646 {\n  width: 100%;\n}\n<\/style>\n\t<\/div>\n\t\n<p><strong>\u201eSonic reverbs\u201c<\/strong> (Njema\u010dka, Sarnt Utamachote Production, 2022),<\/p>\n<p>re\u017eija: Sarnt Utamachote, 18&#8242;<\/p>\n<p>TRAILER <a href=\"https:\/\/www.youtube.com\/watch?v=j3zF9QiQ7g4\" data-saferedirecturl=\"https:\/\/www.google.com\/url?q=https:\/\/www.youtube.com\/watch?v%3Dj3zF9QiQ7g4&amp;source=gmail&amp;ust=1689876526578000&amp;usg=AOvVaw2I5WccSaVI1nHIMpj_UYmc\">https:\/\/www.youtube.com\/watch?v=j3zF9QiQ7g4<\/a><\/p>\n<p>Premijerno gledamo kratki dokumentarni film o ranjivosti, portret queer i migrantskih glazbenika. Posveta ulozi glazbe u \u017eivotima marginaliziranih ljudi, o prostoru koji osloba\u0111a u njihovim svakodnevnim aktivnostima.<\/p>\n<\/div><\/div>\n<\/div>\n\t\t<\/div><!-- .section-content -->\n\n\t\t\n<style scope=\"scope\">\n\n#section_1360614003 {\n  padding-top: 30px;\n  padding-bottom: 30px;\n}\n<\/style>\n\t<\/section>\n\t\n","protected":false},"excerpt":{"rendered":"","protected":false},"author":1,"featured_media":0,"parent":0,"menu_order":0,"comment_status":"closed","ping_status":"closed","template":"","meta":{"_monsterinsights_skip_tracking":false,"_monsterinsights_sitenote_active":false,"_monsterinsights_sitenote_note":"","_monsterinsights_sitenote_category":0,"_links_to":"","_links_to_target":""},"aioseo_notices":[],"_links":{"self":[{"href":"https:\/\/filmfestivaldorf.com\/hr\/wp-json\/wp\/v2\/pages\/2262"}],"collection":[{"href":"https:\/\/filmfestivaldorf.com\/hr\/wp-json\/wp\/v2\/pages"}],"about":[{"href":"https:\/\/filmfestivaldorf.com\/hr\/wp-json\/wp\/v2\/types\/page"}],"author":[{"embeddable":true,"href":"https:\/\/filmfestivaldorf.com\/hr\/wp-json\/wp\/v2\/users\/1"}],"replies":[{"embeddable":true,"href":"https:\/\/filmfestivaldorf.com\/hr\/wp-json\/wp\/v2\/comments?post=2262"}],"version-history":[{"count":29,"href":"https:\/\/filmfestivaldorf.com\/hr\/wp-json\/wp\/v2\/pages\/2262\/revisions"}],"predecessor-version":[{"id":2705,"href":"https:\/\/filmfestivaldorf.com\/hr\/wp-json\/wp\/v2\/pages\/2262\/revisions\/2705"}],"wp:attachment":[{"href":"https:\/\/filmfestivaldorf.com\/hr\/wp-json\/wp\/v2\/media?parent=2262"}],"curies":[{"name":"wp","href":"https:\/\/api.w.org\/{rel}","templated":true}]}}