{"id":2795,"date":"2024-09-21T05:41:44","date_gmt":"2024-09-21T05:41:44","guid":{"rendered":"https:\/\/filmfestivaldorf.com\/hr\/?page_id=2795"},"modified":"2024-09-29T06:24:09","modified_gmt":"2024-09-29T06:24:09","slug":"2024-dorf-info","status":"publish","type":"page","link":"https:\/\/filmfestivaldorf.com\/hr\/2024-dorf-info\/","title":{"rendered":"2024 DORF INFO"},"content":{"rendered":"\t<div class=\"img has-hover x md-x lg-x y md-y lg-y\" id=\"image_703338296\">\n\t\t\t\t\t\t\t\t<div class=\"img-inner dark\" >\n\t\t\t<img width=\"1020\" height=\"448\" src=\"https:\/\/filmfestivaldorf.com\/hr\/wp-content\/uploads\/2024\/09\/dorf-festival-vinkovci-1400x615.jpg\" class=\"attachment-large size-large\" alt=\"\" loading=\"lazy\" srcset=\"https:\/\/filmfestivaldorf.com\/hr\/wp-content\/uploads\/2024\/09\/dorf-festival-vinkovci-1400x615.jpg 1400w, https:\/\/filmfestivaldorf.com\/hr\/wp-content\/uploads\/2024\/09\/dorf-festival-vinkovci-800x351.jpg 800w, https:\/\/filmfestivaldorf.com\/hr\/wp-content\/uploads\/2024\/09\/dorf-festival-vinkovci-768x337.jpg 768w, https:\/\/filmfestivaldorf.com\/hr\/wp-content\/uploads\/2024\/09\/dorf-festival-vinkovci-1536x674.jpg 1536w, https:\/\/filmfestivaldorf.com\/hr\/wp-content\/uploads\/2024\/09\/dorf-festival-vinkovci.jpg 1640w\" sizes=\"(max-width: 1020px) 100vw, 1020px\" \/>\t\t\t\t\t\t\n\t\t\t\t\t<\/div>\n\t\t\t\t\t\t\t\t\n<style scope=\"scope\">\n\n#image_703338296 {\n  width: 100%;\n}\n<\/style>\n\t<\/div>\n\t\n\t<div id=\"gap-1758096212\" class=\"gap-element clearfix\" style=\"display:block; height:auto;\">\n\t\t\n<style scope=\"scope\">\n\n#gap-1758096212 {\n  padding-top: 60px;\n}\n<\/style>\n\t<\/div>\n\t\n<div class=\"container section-title-container\" ><h3 class=\"section-title section-title-normal\"><b><\/b><span class=\"section-title-main\" >PREDGOVOR<\/span><b><\/b><\/h3><\/div><!-- .section-title -->\n<p>\u010covje\u010de. Ve\u0107 18 godina gledamo i pri\u010damo i obo\u017eavamo filmove i glazbu i sve \u0161to je povezano u taj \u010darobni krug. Ove godine je posebno emotivno, odlazimo iz gnijezda, to je to. Napravili smo i pravu monografiju, toliko je odli\u010dnih uspomena i htjeli smo sa\u010duvati nekim novim generacijama mali dio onoga \u0161to smo radili sve ove godine. Od prvog izdanja DORF je poku\u0161avao biti mali prozor u svijet, mali poligon svima koji se s nama \u017eele izraziti i poslati poruku. Sudjelovati.<\/p>\n<p>Opet smo pokazali uz Bosut da postoji dovoljno kreativnog potencijala i strasti za jo\u0161 jedan DORF &#8211; uz ve\u0107 standardnog Martina i Alena, tu je kipar Vjekoslav \u017divkovi\u0107 koji izra\u0111uje nagradu za najfilm, a \u010dlan \u017eirija je sjajni Marinko Marinki\u0107 iz Gunje. Ove godine je stiglo puno regionalnih filmova i gledamo samo regionalnu selekciju,\u00a0 napokon. 8 filmova iz Hrvatske, Slovenije, Sjeverne Makedonije i Srbije i to posebno raduje. Nakon odli\u010dnih ljetnih dru\u017eenja nekoliko godina u Lapidariju GMV, ove jeseni gledamo filmove u supernovoj Gradskoj knji\u017enici i \u010ditaonici Vinkovci, uz Hang Loose kao prirodno mjesto za aftere. U OFF DORF ponudi tu je zanimljiva knjiga o Titu i punku, uz jo\u0161 zanimljivije goste s kojima \u0107emo predstaviti i zaokru\u017eiti jednu cool pri\u010du. S nama je i Septica, ba\u0161 kao i one prve, 2007. godine \u2013 ne damo se, ne! ne! ne!<\/p>\n<p>Znate ve\u0107 sve: javite kofiananu, do\u0111ite nam u dobrom dru\u0161tvu i pratite nas na dru\u0161tvenim mre\u017eama, DORF traje 4 dana, od srijede do subote smo u od 20:00 sati u GKVK.<\/p>\n<p>Toni \u0160ari\u0107, osniva\u010d i umjetni\u010dki direktor Festivala<\/p>\n\t<div id=\"gap-1052723490\" class=\"gap-element clearfix\" style=\"display:block; height:auto;\">\n\t\t\n<style scope=\"scope\">\n\n#gap-1052723490 {\n  padding-top: 63px;\n}\n<\/style>\n\t<\/div>\n\t\n<div class=\"container section-title-container\" ><h3 class=\"section-title section-title-normal\"><b><\/b><span class=\"section-title-main\" >DORF \u017dIRI 2024<\/span><b><\/b><\/h3><\/div><!-- .section-title -->\n<p>O najboljem DORF 2024 filmu odlu\u010dit \u0107e <strong>Rela Petric<\/strong> (redateljica i monta\u017eerka iz Dubrovnika, autorica pro\u0161logodi\u0161njeg pobjedni\u010dkog DORF filma, predsjednica \u017eirija), <strong>Marinko Marinki\u0107<\/strong> (snimatelj i direktor fotografije iz Gunje, predsjednik MMC SKIG i potpredsjednik Hrvatskog filmskog saveza) te <strong>Goran Nje\u017ei\u0107<\/strong> (glazbenik, vizualni umjetnik i filma\u0161 iz Siska, aktivan na nezavisnoj sceni).<\/p>\n<div class=\"row\"  id=\"row-1129752505\">\n<div class=\"col medium-4 small-12 large-4\"  ><div class=\"col-inner\"  >\n\t<div class=\"img has-hover x md-x lg-x y md-y lg-y\" id=\"image_1161335415\">\n\t\t\t\t\t\t\t\t<div class=\"img-inner dark\" >\n\t\t\t<img width=\"800\" height=\"800\" src=\"https:\/\/filmfestivaldorf.com\/hr\/wp-content\/uploads\/2024\/09\/ziri-rela-petric-800x800.jpg\" class=\"attachment-large size-large\" alt=\"\" loading=\"lazy\" srcset=\"https:\/\/filmfestivaldorf.com\/hr\/wp-content\/uploads\/2024\/09\/ziri-rela-petric-800x800.jpg 800w, https:\/\/filmfestivaldorf.com\/hr\/wp-content\/uploads\/2024\/09\/ziri-rela-petric-400x400.jpg 400w, https:\/\/filmfestivaldorf.com\/hr\/wp-content\/uploads\/2024\/09\/ziri-rela-petric-280x280.jpg 280w, https:\/\/filmfestivaldorf.com\/hr\/wp-content\/uploads\/2024\/09\/ziri-rela-petric-768x768.jpg 768w, https:\/\/filmfestivaldorf.com\/hr\/wp-content\/uploads\/2024\/09\/ziri-rela-petric.jpg 1000w\" sizes=\"(max-width: 800px) 100vw, 800px\" \/>\t\t\t\t\t\t\n\t\t\t\t\t<\/div>\n\t\t\t\t\t\t\t\t\n<style scope=\"scope\">\n\n#image_1161335415 {\n  width: 100%;\n}\n<\/style>\n\t<\/div>\n\t\n<p>Rela Petri\u0107<\/p>\n<\/div><\/div>\n<div class=\"col medium-4 small-12 large-4\"  ><div class=\"col-inner\"  >\n\t<div class=\"img has-hover x md-x lg-x y md-y lg-y\" id=\"image_859756460\">\n\t\t\t\t\t\t\t\t<div class=\"img-inner dark\" >\n\t\t\t<img width=\"623\" height=\"623\" src=\"https:\/\/filmfestivaldorf.com\/hr\/wp-content\/uploads\/2024\/09\/ziri-marinko-marincic.jpg\" class=\"attachment-large size-large\" alt=\"\" loading=\"lazy\" srcset=\"https:\/\/filmfestivaldorf.com\/hr\/wp-content\/uploads\/2024\/09\/ziri-marinko-marincic.jpg 623w, https:\/\/filmfestivaldorf.com\/hr\/wp-content\/uploads\/2024\/09\/ziri-marinko-marincic-400x400.jpg 400w, https:\/\/filmfestivaldorf.com\/hr\/wp-content\/uploads\/2024\/09\/ziri-marinko-marincic-280x280.jpg 280w\" sizes=\"(max-width: 623px) 100vw, 623px\" \/>\t\t\t\t\t\t\n\t\t\t\t\t<\/div>\n\t\t\t\t\t\t\t\t\n<style scope=\"scope\">\n\n#image_859756460 {\n  width: 100%;\n}\n<\/style>\n\t<\/div>\n\t\n<p>Marinko Marinki\u0107 <\/p>\n<\/div><\/div>\n<div class=\"col medium-4 small-12 large-4\"  ><div class=\"col-inner\"  >\n\t<div class=\"img has-hover x md-x lg-x y md-y lg-y\" id=\"image_1275150160\">\n\t\t\t\t\t\t\t\t<div class=\"img-inner dark\" >\n\t\t\t<img width=\"800\" height=\"800\" src=\"https:\/\/filmfestivaldorf.com\/hr\/wp-content\/uploads\/2024\/09\/ziri-goran-njezic-800x800.jpg\" class=\"attachment-large size-large\" alt=\"\" loading=\"lazy\" srcset=\"https:\/\/filmfestivaldorf.com\/hr\/wp-content\/uploads\/2024\/09\/ziri-goran-njezic-800x800.jpg 800w, https:\/\/filmfestivaldorf.com\/hr\/wp-content\/uploads\/2024\/09\/ziri-goran-njezic-400x400.jpg 400w, https:\/\/filmfestivaldorf.com\/hr\/wp-content\/uploads\/2024\/09\/ziri-goran-njezic-280x280.jpg 280w, https:\/\/filmfestivaldorf.com\/hr\/wp-content\/uploads\/2024\/09\/ziri-goran-njezic-768x768.jpg 768w, https:\/\/filmfestivaldorf.com\/hr\/wp-content\/uploads\/2024\/09\/ziri-goran-njezic.jpg 960w\" sizes=\"(max-width: 800px) 100vw, 800px\" \/>\t\t\t\t\t\t\n\t\t\t\t\t<\/div>\n\t\t\t\t\t\t\t\t\n<style scope=\"scope\">\n\n#image_1275150160 {\n  width: 100%;\n}\n<\/style>\n\t<\/div>\n\t\n<p>Goran Nje\u017ei\u0107 <\/p>\n<\/div><\/div>\n<\/div>\n<div class=\"row\"  id=\"row-1607440163\">\n<div class=\"col small-12 large-12\"  ><div class=\"col-inner\"  >\n<div class=\"container section-title-container\" ><h3 class=\"section-title section-title-normal\"><b><\/b><span class=\"section-title-main\" >NAGRADE 2024<\/span><b><\/b><\/h3><\/div><!-- .section-title -->\n<p>Za unikatne nagrade na ovogodi\u0161njem festivalu zadu\u017een je mladi vinkova\u010dki kipar <strong>Vjekoslav \u017divkovi\u0107<\/strong>.<\/p>\n<p>Autor ovogodi\u0161njeg vizualnog identiteta je <strong>Goran Nje\u017ei\u0107<\/strong>. Diplomirao je na Akademiji primijenjenih umjetnosti Sveu\u010dili\u0161ta u Rijeci u klasi prof. Dalibora Martinisa. Aktivan je na nezavisnoj hrvatskoj sceni kao glazbenik, vizualni umjetnik i filma\u0161.<\/p>\n<p>O vizualnom identitetu na webu i promotivnim materijalima brine i dalje <strong>Martin Peranovi\u0107, <\/strong>designer iz Otoka.<\/p>\n<\/div><\/div>\n<\/div>\n\t<div id=\"gap-1210770187\" class=\"gap-element clearfix\" style=\"display:block; height:auto;\">\n\t\t\n<style scope=\"scope\">\n\n#gap-1210770187 {\n  padding-top: 14px;\n}\n<\/style>\n\t<\/div>\n\t\n<div class=\"text-center\"><div class=\"is-divider divider clearfix\" style=\"background-color:rgb(0, 0, 0);\"><\/div><\/div><!-- .divider -->\n\t<div id=\"gap-806666657\" class=\"gap-element clearfix\" style=\"display:block; height:auto;\">\n\t\t\n<style scope=\"scope\">\n\n#gap-806666657 {\n  padding-top: 14px;\n}\n<\/style>\n\t<\/div>\n\t\n","protected":false},"excerpt":{"rendered":"<p>\u010covje\u010de. Ve\u0107 18 godina gledamo i pri\u010damo i obo\u017eavamo filmove i glazbu i sve \u0161to je povezano u taj \u010darobni krug. Ove godine je posebno emotivno, odlazimo iz gnijezda, to je to. Napravili smo i pravu monografiju, toliko je odli\u010dnih uspomena i htjeli smo sa\u010duvati nekim novim generacijama mali dio onoga \u0161to smo radili sve [&#8230;]\n","protected":false},"author":1,"featured_media":0,"parent":0,"menu_order":0,"comment_status":"closed","ping_status":"closed","template":"","meta":{"_monsterinsights_skip_tracking":false,"_monsterinsights_sitenote_active":false,"_monsterinsights_sitenote_note":"","_monsterinsights_sitenote_category":0,"_links_to":"","_links_to_target":""},"aioseo_notices":[],"_links":{"self":[{"href":"https:\/\/filmfestivaldorf.com\/hr\/wp-json\/wp\/v2\/pages\/2795"}],"collection":[{"href":"https:\/\/filmfestivaldorf.com\/hr\/wp-json\/wp\/v2\/pages"}],"about":[{"href":"https:\/\/filmfestivaldorf.com\/hr\/wp-json\/wp\/v2\/types\/page"}],"author":[{"embeddable":true,"href":"https:\/\/filmfestivaldorf.com\/hr\/wp-json\/wp\/v2\/users\/1"}],"replies":[{"embeddable":true,"href":"https:\/\/filmfestivaldorf.com\/hr\/wp-json\/wp\/v2\/comments?post=2795"}],"version-history":[{"count":7,"href":"https:\/\/filmfestivaldorf.com\/hr\/wp-json\/wp\/v2\/pages\/2795\/revisions"}],"predecessor-version":[{"id":2874,"href":"https:\/\/filmfestivaldorf.com\/hr\/wp-json\/wp\/v2\/pages\/2795\/revisions\/2874"}],"wp:attachment":[{"href":"https:\/\/filmfestivaldorf.com\/hr\/wp-json\/wp\/v2\/media?parent=2795"}],"curies":[{"name":"wp","href":"https:\/\/api.w.org\/{rel}","templated":true}]}}