{"id":2799,"date":"2024-09-21T05:44:47","date_gmt":"2024-09-21T05:44:47","guid":{"rendered":"https:\/\/filmfestivaldorf.com\/hr\/?page_id=2799"},"modified":"2024-09-29T07:29:49","modified_gmt":"2024-09-29T07:29:49","slug":"2024-dorf-filmovi","status":"publish","type":"page","link":"https:\/\/filmfestivaldorf.com\/hr\/2024-dorf-filmovi\/","title":{"rendered":"2024 DORF FILMOVI"},"content":{"rendered":"\t<div class=\"img has-hover x md-x lg-x y md-y lg-y\" id=\"image_1812484546\">\n\t\t\t\t\t\t\t\t<div class=\"img-inner dark\" >\n\t\t\t<img width=\"1020\" height=\"448\" src=\"https:\/\/filmfestivaldorf.com\/hr\/wp-content\/uploads\/2024\/09\/dorf-festival-vinkovci-1400x615.jpg\" class=\"attachment-large size-large\" alt=\"\" loading=\"lazy\" srcset=\"https:\/\/filmfestivaldorf.com\/hr\/wp-content\/uploads\/2024\/09\/dorf-festival-vinkovci-1400x615.jpg 1400w, https:\/\/filmfestivaldorf.com\/hr\/wp-content\/uploads\/2024\/09\/dorf-festival-vinkovci-800x351.jpg 800w, https:\/\/filmfestivaldorf.com\/hr\/wp-content\/uploads\/2024\/09\/dorf-festival-vinkovci-768x337.jpg 768w, https:\/\/filmfestivaldorf.com\/hr\/wp-content\/uploads\/2024\/09\/dorf-festival-vinkovci-1536x674.jpg 1536w, https:\/\/filmfestivaldorf.com\/hr\/wp-content\/uploads\/2024\/09\/dorf-festival-vinkovci.jpg 1640w\" sizes=\"(max-width: 1020px) 100vw, 1020px\" \/>\t\t\t\t\t\t\n\t\t\t\t\t<\/div>\n\t\t\t\t\t\t\t\t\n<style scope=\"scope\">\n\n#image_1812484546 {\n  width: 100%;\n}\n<\/style>\n\t<\/div>\n\t\n\t<div id=\"gap-560761944\" class=\"gap-element clearfix\" style=\"display:block; height:auto;\">\n\t\t\n<style scope=\"scope\">\n\n#gap-560761944 {\n  padding-top: 60px;\n}\n<\/style>\n\t<\/div>\n\t\n<div class=\"container section-title-container\" ><h3 class=\"section-title section-title-normal\"><b><\/b><span class=\"section-title-main\" >REGIONALNA KONKURENCIJA<\/span><b><\/b><\/h3><\/div><!-- .section-title -->\n\t<section class=\"section\" id=\"section_41258193\">\n\t\t<div class=\"bg section-bg fill bg-fill  bg-loaded\" >\n\n\t\t\t\n\t\t\t\n\t\t\t\n\n\t\t<\/div><!-- .section-bg -->\n\n\t\t<div class=\"section-content relative\">\n\t\t\t\n<div class=\"row\"  id=\"row-1771677531\">\n<div class=\"col medium-6 small-12 large-6\"  ><div class=\"col-inner\"  >\n\t<div class=\"img has-hover x md-x lg-x y md-y lg-y\" id=\"image_1493763121\">\n\t\t\t\t\t\t\t\t<div class=\"img-inner dark\" >\n\t\t\t<img width=\"958\" height=\"541\" src=\"https:\/\/filmfestivaldorf.com\/hr\/wp-content\/uploads\/2024\/09\/film-the-makedonium-band.jpg\" class=\"attachment-large size-large\" alt=\"\" loading=\"lazy\" srcset=\"https:\/\/filmfestivaldorf.com\/hr\/wp-content\/uploads\/2024\/09\/film-the-makedonium-band.jpg 958w, https:\/\/filmfestivaldorf.com\/hr\/wp-content\/uploads\/2024\/09\/film-the-makedonium-band-708x400.jpg 708w, https:\/\/filmfestivaldorf.com\/hr\/wp-content\/uploads\/2024\/09\/film-the-makedonium-band-768x434.jpg 768w\" sizes=\"(max-width: 958px) 100vw, 958px\" \/>\t\t\t\t\t\t\n\t\t\t\t\t<\/div>\n\t\t\t\t\t\t\t\t\n<style scope=\"scope\">\n\n#image_1493763121 {\n  width: 100%;\n}\n<\/style>\n\t<\/div>\n\t\n<div style=\"width: 640px;\" class=\"wp-video\"><!--[if lt IE 9]><script>document.createElement('video');<\/script><![endif]-->\n<video class=\"wp-video-shortcode\" id=\"video-2799-1\" width=\"640\" height=\"360\" preload=\"metadata\" controls=\"controls\"><source type=\"video\/mp4\" src=\"https:\/\/filmfestivaldorf.com\/hr\/wp-content\/uploads\/2024\/09\/TRAILER%C2%9A-%C2%80%C2%9CEfterklang-The-Makedonium-Band%C2%80%C2%9D.mp4?_=1\" \/><a href=\"https:\/\/filmfestivaldorf.com\/hr\/wp-content\/uploads\/2024\/09\/TRAILER%C2%9A-%C2%80%C2%9CEfterklang-The-Makedonium-Band%C2%80%C2%9D.mp4\">https:\/\/filmfestivaldorf.com\/hr\/wp-content\/uploads\/2024\/09\/TRAILER%C2%9A-%C2%80%C2%9CEfterklang-The-Makedonium-Band%C2%80%C2%9D.mp4<\/a><\/video><\/div>\n<div class=\"is-divider divider clearfix\" style=\"background-color:rgb(0, 0, 0);\"><\/div><!-- .divider -->\n<p><strong><em>\u201eEfterklang: The Makedonium Band\u201c <\/em><\/strong>\u00a0(Danska\/Sjeverna Makedonija, Rosforth films, 2024)<\/p>\n<p>re\u017eija: Andreas Johnsen, 81\u2019<\/p>\n<p>Efterklang su odli\u010dan danski band, sviraju preko 20 godina, a posebno im je super bilo u Skopju. Dobili su ideju \u2013 snimiti materijal sa lokalnim glazbenicima i onda nastupiti ispred monumentalnog spomenika slobodi. U filmu pratimo njihov kreativni proces, s njima je uvijek sjajni Grga (zaslu\u017ean i za brojna DORF gostovanja u MKC Skopje), kao klju\u010dni suradnik u cijelom projektu. Odli\u010dan uvid u glazbenu kulture podneblja, odli\u010dna glazba i emotivan film, koji premijerno gledamo u Hrvatskoj, na 18. DORF otvaranju.<\/p>\n<\/div><\/div>\n<div class=\"col medium-6 small-12 large-6\"  ><div class=\"col-inner\"  >\n\t<div class=\"img has-hover x md-x lg-x y md-y lg-y\" id=\"image_1206937596\">\n\t\t\t\t\t\t\t\t<div class=\"img-inner dark\" >\n\t\t\t<img width=\"958\" height=\"541\" src=\"https:\/\/filmfestivaldorf.com\/hr\/wp-content\/uploads\/2024\/09\/film-grandpa-guru.jpg\" class=\"attachment-large size-large\" alt=\"\" loading=\"lazy\" srcset=\"https:\/\/filmfestivaldorf.com\/hr\/wp-content\/uploads\/2024\/09\/film-grandpa-guru.jpg 958w, https:\/\/filmfestivaldorf.com\/hr\/wp-content\/uploads\/2024\/09\/film-grandpa-guru-708x400.jpg 708w, https:\/\/filmfestivaldorf.com\/hr\/wp-content\/uploads\/2024\/09\/film-grandpa-guru-768x434.jpg 768w\" sizes=\"(max-width: 958px) 100vw, 958px\" \/>\t\t\t\t\t\t\n\t\t\t\t\t<\/div>\n\t\t\t\t\t\t\t\t\n<style scope=\"scope\">\n\n#image_1206937596 {\n  width: 100%;\n}\n<\/style>\n\t<\/div>\n\t\n<div style=\"width: 640px;\" class=\"wp-video\"><video class=\"wp-video-shortcode\" id=\"video-2799-2\" width=\"640\" height=\"360\" preload=\"metadata\" controls=\"controls\"><source type=\"video\/mp4\" src=\"https:\/\/filmfestivaldorf.com\/hr\/wp-content\/uploads\/2024\/09\/GrandpaGuru.mp4?_=2\" \/><a href=\"https:\/\/filmfestivaldorf.com\/hr\/wp-content\/uploads\/2024\/09\/GrandpaGuru.mp4\">https:\/\/filmfestivaldorf.com\/hr\/wp-content\/uploads\/2024\/09\/GrandpaGuru.mp4<\/a><\/video><\/div>\n<div class=\"is-divider divider clearfix\" style=\"background-color:rgb(0, 0, 0);\"><\/div><!-- .divider -->\n<p><strong><em>\u201cGrandpa Guru\u201c<\/em> \u00a0<\/strong>(Hrvatska\/BiH, udruga To\u010dka kulture, 2024)<\/p>\n<p>re\u017eija: Silvio Miro\u0161ni\u010denko, 90\u2019<\/p>\n<p>Novi dokumentarac Silvija Miro\u0161ni\u010denka (koji je isto bio ve\u0107 nekoliko puta na DORFu) prikazuje kontinuitet rada benda \u201cKultur Shock\u201d s posebnim naglaskom na zanimljiv \u017eivot, glazbu i umjetnost njihovog pjeva\u010da i frontmena Sr\u0111ana Gine Jev\u0111evi\u0107a. Ovo je pri\u010da o ljudskoj nesavr\u0161enosti, transformacijama jedne osobe u te\u0161kim vremenima, bijegu na kraj svijeta (Seattle, uz brojne zanimljive anegdote i suradnike) i demonu koji ga prati. <\/p>\n<\/div><\/div>\n<div class=\"col medium-6 small-12 large-6\"  ><div class=\"col-inner\"  >\n\t<div class=\"img has-hover x md-x lg-x y md-y lg-y\" id=\"image_1581823957\">\n\t\t\t\t\t\t\t\t<div class=\"img-inner dark\" >\n\t\t\t<img width=\"958\" height=\"541\" src=\"https:\/\/filmfestivaldorf.com\/hr\/wp-content\/uploads\/2024\/09\/film-100db.jpg\" class=\"attachment-large size-large\" alt=\"\" loading=\"lazy\" srcset=\"https:\/\/filmfestivaldorf.com\/hr\/wp-content\/uploads\/2024\/09\/film-100db.jpg 958w, https:\/\/filmfestivaldorf.com\/hr\/wp-content\/uploads\/2024\/09\/film-100db-708x400.jpg 708w, https:\/\/filmfestivaldorf.com\/hr\/wp-content\/uploads\/2024\/09\/film-100db-768x434.jpg 768w\" sizes=\"(max-width: 958px) 100vw, 958px\" \/>\t\t\t\t\t\t\n\t\t\t\t\t<\/div>\n\t\t\t\t\t\t\t\t\n<style scope=\"scope\">\n\n#image_1581823957 {\n  width: 100%;\n}\n<\/style>\n\t<\/div>\n\t\n<div style=\"width: 640px;\" class=\"wp-video\"><video class=\"wp-video-shortcode\" id=\"video-2799-3\" width=\"640\" height=\"360\" preload=\"metadata\" controls=\"controls\"><source type=\"video\/mp4\" src=\"https:\/\/filmfestivaldorf.com\/hr\/wp-content\/uploads\/2024\/09\/100db.mp4?_=3\" \/><a href=\"https:\/\/filmfestivaldorf.com\/hr\/wp-content\/uploads\/2024\/09\/100db.mp4\">https:\/\/filmfestivaldorf.com\/hr\/wp-content\/uploads\/2024\/09\/100db.mp4<\/a><\/video><\/div>\n<div class=\"is-divider divider clearfix\" style=\"background-color:rgb(0, 0, 0);\"><\/div><!-- .divider -->\n<p><strong><em>\u201e100dB\u201c<\/em><\/strong> (Slovenija, Porno Pasjon Prasentiert, 2024).<\/p>\n<p>re\u017eija: Jaka Terpinc i Gregor Bauman, 61\u2019<\/p>\n<p>Indust-bag su legendarni slovenski punk band iz Metlike, koji je 80-ih godina zabljesnuo svojom punk poetikom i izvrsnim nastupima. Zanimljivost je da su \u010dak tekstovi Gorana Jarnevi\u010da, lidera sastava, prevedeni na hrvatski jezik (naravno, Goran Rem), a i film je djelomi\u010dno sniman u Osijeku. Autenti\u010dan prikaz reakcije u malom mjestu, iskreni tekstovi i beskompromisni nastupi u\u017eivo odli\u010dno su dokumentirani u ovom filmu.<\/p>\n<\/div><\/div>\n<div class=\"col medium-6 small-12 large-6\"  ><div class=\"col-inner\"  >\n\t<div class=\"img has-hover x md-x lg-x y md-y lg-y\" id=\"image_1359611591\">\n\t\t\t\t\t\t\t\t<div class=\"img-inner dark\" >\n\t\t\t<img width=\"958\" height=\"541\" src=\"https:\/\/filmfestivaldorf.com\/hr\/wp-content\/uploads\/2024\/09\/film-zemlja-nije-moj-dom.jpg\" class=\"attachment-large size-large\" alt=\"\" loading=\"lazy\" srcset=\"https:\/\/filmfestivaldorf.com\/hr\/wp-content\/uploads\/2024\/09\/film-zemlja-nije-moj-dom.jpg 958w, https:\/\/filmfestivaldorf.com\/hr\/wp-content\/uploads\/2024\/09\/film-zemlja-nije-moj-dom-708x400.jpg 708w, https:\/\/filmfestivaldorf.com\/hr\/wp-content\/uploads\/2024\/09\/film-zemlja-nije-moj-dom-768x434.jpg 768w\" sizes=\"(max-width: 958px) 100vw, 958px\" \/>\t\t\t\t\t\t\n\t\t\t\t\t<\/div>\n\t\t\t\t\t\t\t\t\n<style scope=\"scope\">\n\n#image_1359611591 {\n  width: 100%;\n}\n<\/style>\n\t<\/div>\n\t\n<div style=\"width: 640px;\" class=\"wp-video\"><video class=\"wp-video-shortcode\" id=\"video-2799-4\" width=\"640\" height=\"360\" preload=\"metadata\" controls=\"controls\"><source type=\"video\/mp4\" src=\"https:\/\/filmfestivaldorf.com\/hr\/wp-content\/uploads\/2024\/09\/zemlja.mp4?_=4\" \/><a href=\"https:\/\/filmfestivaldorf.com\/hr\/wp-content\/uploads\/2024\/09\/zemlja.mp4\">https:\/\/filmfestivaldorf.com\/hr\/wp-content\/uploads\/2024\/09\/zemlja.mp4<\/a><\/video><\/div>\n<div class=\"is-divider divider clearfix\" style=\"background-color:rgb(0, 0, 0);\"><\/div><!-- .divider -->\n<p><strong><em>\u201eZemlja nije moj dom\u201c<\/em><\/strong> (Srbija, RTS, 2023)<\/p>\n<p>re\u017eija: Slobodan Simojlovi\u0107, 83\u2019<\/p>\n<p>Sanjala\u010dko putovanje kroz vrijeme, pri\u010da o odrastanju i sazrijevanju kultnog kantautora Nenada Mari\u0107a i njegovog brata Marka, izuzetno talentiranih glazbenika novije generacije. Pri\u010da o opstajanju suptilne estetike na rubu pozornice na\u0161eg doba i o njihovoj reakciji na nametnuta pravila igre u kojima dominiraju grabe\u017e i bezobzirnost, nemoral i ki\u010d&#8230;Kola\u017e realnog i nadrealnog, prikaz grupe muzi\u010dara iznutra i izvana, poku\u0161aj da se uhvati \u201ebrechtovska\u201c atmosfera i \u010dudni, tajanstveni zvuk koji tako dobro radi Kralj \u010ca\u010dka.<\/p>\n<\/div><\/div>\n<div class=\"col medium-6 small-12 large-6\"  ><div class=\"col-inner\"  >\n\t<div class=\"img has-hover x md-x lg-x y md-y lg-y\" id=\"image_393256598\">\n\t\t\t\t\t\t\t\t<div class=\"img-inner dark\" >\n\t\t\t<img width=\"958\" height=\"541\" src=\"https:\/\/filmfestivaldorf.com\/hr\/wp-content\/uploads\/2024\/09\/film-sanjalice.jpg\" class=\"attachment-large size-large\" alt=\"\" loading=\"lazy\" srcset=\"https:\/\/filmfestivaldorf.com\/hr\/wp-content\/uploads\/2024\/09\/film-sanjalice.jpg 958w, https:\/\/filmfestivaldorf.com\/hr\/wp-content\/uploads\/2024\/09\/film-sanjalice-708x400.jpg 708w, https:\/\/filmfestivaldorf.com\/hr\/wp-content\/uploads\/2024\/09\/film-sanjalice-768x434.jpg 768w\" sizes=\"(max-width: 958px) 100vw, 958px\" \/>\t\t\t\t\t\t\n\t\t\t\t\t<\/div>\n\t\t\t\t\t\t\t\t\n<style scope=\"scope\">\n\n#image_393256598 {\n  width: 100%;\n}\n<\/style>\n\t<\/div>\n\t\n<div style=\"width: 640px;\" class=\"wp-video\"><video class=\"wp-video-shortcode\" id=\"video-2799-5\" width=\"640\" height=\"360\" preload=\"metadata\" controls=\"controls\"><source type=\"video\/mp4\" src=\"https:\/\/filmfestivaldorf.com\/hr\/wp-content\/uploads\/2024\/09\/sanjalice.mp4?_=5\" \/><a href=\"https:\/\/filmfestivaldorf.com\/hr\/wp-content\/uploads\/2024\/09\/sanjalice.mp4\">https:\/\/filmfestivaldorf.com\/hr\/wp-content\/uploads\/2024\/09\/sanjalice.mp4<\/a><\/video><\/div>\n<div class=\"is-divider divider clearfix\" style=\"background-color:rgb(0, 0, 0);\"><\/div><!-- .divider -->\n<p><strong><em>\u201eSanjalice\u201c<\/em><\/strong> (Srbija, Filmoskopija\/theNO film, 2024)<\/p>\n<p>re\u017eija: Vladimir Petrovi\u0107, 69\u2019<\/p>\n<p>Upoznajte Sanjalice, \u017eenski band iz Beograda, sigurno prvi te vrste na Balkanu, a koji je bio aktivan sredinom 60-ih godina. Povijest \u017eenskog pisma u rock glazbi je po\u010dela sa Dodom, dvije Ljilje i Nenom, koje su kao srednjo\u0161kolke zapo\u010dele uzbudljivu avanturu. Vratite se u za\u010detke rock\u2019n\u2019rolla, prisjetite nekih cool trenutaka iz pro\u0161losti i \u2013 mo\u017eda dobijete inspiraciju\u2026Uzbudljiva pri\u010da, premijerno gledamo u Hrvatskoj ovaj odli\u010dan nezavisni dokumentarac.<\/p>\n<\/div><\/div>\n<div class=\"col medium-6 small-12 large-6\"  ><div class=\"col-inner\"  >\n\t<div class=\"img has-hover x md-x lg-x y md-y lg-y\" id=\"image_1279039418\">\n\t\t\t\t\t\t\t\t<div class=\"img-inner dark\" >\n\t\t\t<img width=\"958\" height=\"541\" src=\"https:\/\/filmfestivaldorf.com\/hr\/wp-content\/uploads\/2024\/09\/film-moc-u-glavi.jpg\" class=\"attachment-large size-large\" alt=\"\" loading=\"lazy\" srcset=\"https:\/\/filmfestivaldorf.com\/hr\/wp-content\/uploads\/2024\/09\/film-moc-u-glavi.jpg 958w, https:\/\/filmfestivaldorf.com\/hr\/wp-content\/uploads\/2024\/09\/film-moc-u-glavi-708x400.jpg 708w, https:\/\/filmfestivaldorf.com\/hr\/wp-content\/uploads\/2024\/09\/film-moc-u-glavi-768x434.jpg 768w\" sizes=\"(max-width: 958px) 100vw, 958px\" \/>\t\t\t\t\t\t\n\t\t\t\t\t<\/div>\n\t\t\t\t\t\t\t\t\n<style scope=\"scope\">\n\n#image_1279039418 {\n  width: 100%;\n}\n<\/style>\n\t<\/div>\n\t\n<div style=\"width: 640px;\" class=\"wp-video\"><video class=\"wp-video-shortcode\" id=\"video-2799-6\" width=\"640\" height=\"360\" preload=\"metadata\" controls=\"controls\"><source type=\"video\/mp4\" src=\"https:\/\/filmfestivaldorf.com\/hr\/wp-content\/uploads\/2024\/09\/moc-u-glavi.mp4?_=6\" \/><a href=\"https:\/\/filmfestivaldorf.com\/hr\/wp-content\/uploads\/2024\/09\/moc-u-glavi.mp4\">https:\/\/filmfestivaldorf.com\/hr\/wp-content\/uploads\/2024\/09\/moc-u-glavi.mp4<\/a><\/video><\/div>\n<div class=\"is-divider divider clearfix\" style=\"background-color:rgb(0, 0, 0);\"><\/div><!-- .divider -->\n<p><strong>\u00a0<\/strong><strong><em>\u201eMo\u0107 u glavi\u201c<\/em><\/strong>\u00a0 (Hrvatska, Eureka video, 2024),<\/p>\n<p>re\u017eija: Dalibor Platenik, 108\u2019<\/p>\n<p>\u010cetvrti dokumentarni film Dalibora Platenika (2 smo gledali ve\u0107 u Vinkovcima) prati nastanak autorskih rock grupa u Po\u017eegi, u razdoblju 1975. do 1991. godine, kultnih mjesta na koja se izlazilo, uz brojne sugovornike. Impresivna arhivska gra\u0111a, dokument vitalne scene o kojoj \u2013 na\u017ealost &#8211; ne znamo puno, ovim filmom iza\u0161la je na svjetlost i to nas posebno raduje. Kako jedan sugovornik u filmu ka\u017ee \u201ePo\u017eega je tih godina bila hrvatski Manchester\u201c, nemojte propustiti projekciju i upoznajte odli\u010dnu glazbu nastalu u gradu koji nam je jako blizu&#8230;<\/p>\n<\/div><\/div>\n<div class=\"col medium-6 small-12 large-6\"  ><div class=\"col-inner\"  >\n\t<div class=\"img has-hover x md-x lg-x y md-y lg-y\" id=\"image_288947784\">\n\t\t\t\t\t\t\t\t<div class=\"img-inner dark\" >\n\t\t\t<img width=\"958\" height=\"541\" src=\"https:\/\/filmfestivaldorf.com\/hr\/wp-content\/uploads\/2024\/09\/film-u-ime-oca.jpg\" class=\"attachment-large size-large\" alt=\"\" loading=\"lazy\" srcset=\"https:\/\/filmfestivaldorf.com\/hr\/wp-content\/uploads\/2024\/09\/film-u-ime-oca.jpg 958w, https:\/\/filmfestivaldorf.com\/hr\/wp-content\/uploads\/2024\/09\/film-u-ime-oca-708x400.jpg 708w, https:\/\/filmfestivaldorf.com\/hr\/wp-content\/uploads\/2024\/09\/film-u-ime-oca-768x434.jpg 768w\" sizes=\"(max-width: 958px) 100vw, 958px\" \/>\t\t\t\t\t\t\n\t\t\t\t\t<\/div>\n\t\t\t\t\t\t\t\t\n<style scope=\"scope\">\n\n#image_288947784 {\n  width: 100%;\n}\n<\/style>\n\t<\/div>\n\t\n<div style=\"width: 640px;\" class=\"wp-video\"><video class=\"wp-video-shortcode\" id=\"video-2799-7\" width=\"640\" height=\"360\" preload=\"metadata\" controls=\"controls\"><source type=\"video\/mp4\" src=\"https:\/\/filmfestivaldorf.com\/hr\/wp-content\/uploads\/2024\/09\/petra.mp4?_=7\" \/><a href=\"https:\/\/filmfestivaldorf.com\/hr\/wp-content\/uploads\/2024\/09\/petra.mp4\">https:\/\/filmfestivaldorf.com\/hr\/wp-content\/uploads\/2024\/09\/petra.mp4<\/a><\/video><\/div>\n<div class=\"is-divider divider clearfix\" style=\"background-color:rgb(0, 0, 0);\"><\/div><!-- .divider -->\n<p><strong><em>\u201eU ime oca: Petra\u201c<\/em><\/strong> (Hrvatska, Burra za HRT, 2023),<\/p>\n<p>re\u017eija: Ines Pletikos, 52\u2019<\/p>\n<p>Ines je autorica s najvi\u0161e prikazanih filmova na DORFu, ikad. S velikom rado\u0107u gledamo njezinu novu epizodu dokumentarne serije \u201eU ime oca\u201c, u kojoj je portretirala kultnog Francija Bla\u0161kovi\u0107a, frontmena benda Gori ussi Winnetou. Protagonist je, ustvari, njegova k\u0107i <strong>Petra Bla\u0161kovi\u0107<\/strong>, glumica, otkriva nam kako je bilo odrastati uz karizmati\u010dnog oca i majku<strong> Arinku Bla\u0161kovi\u0107 \u0160egando<\/strong>, glazbenicu i glazbenu pedagoginju, koji su zajedno vodili bendove Tingl-tangl i Gori Ussi Winnetou te satiri\u010dku radijsku emisiju &#8220;\u0160jora \u0160pija&#8221;, tjedni pregled dru\u0161tvenih i kulturnih doga\u0111anja u zemlji.<\/p>\n<\/div><\/div>\n<div class=\"col medium-6 small-12 large-6\"  ><div class=\"col-inner\"  >\n\t<div class=\"img has-hover x md-x lg-x y md-y lg-y\" id=\"image_2145724074\">\n\t\t\t\t\t\t\t\t<div class=\"img-inner dark\" >\n\t\t\t<img width=\"958\" height=\"541\" src=\"https:\/\/filmfestivaldorf.com\/hr\/wp-content\/uploads\/2024\/09\/film-zauvijek-autor.jpg\" class=\"attachment-large size-large\" alt=\"\" loading=\"lazy\" srcset=\"https:\/\/filmfestivaldorf.com\/hr\/wp-content\/uploads\/2024\/09\/film-zauvijek-autor.jpg 958w, https:\/\/filmfestivaldorf.com\/hr\/wp-content\/uploads\/2024\/09\/film-zauvijek-autor-708x400.jpg 708w, https:\/\/filmfestivaldorf.com\/hr\/wp-content\/uploads\/2024\/09\/film-zauvijek-autor-768x434.jpg 768w\" sizes=\"(max-width: 958px) 100vw, 958px\" \/>\t\t\t\t\t\t\n\t\t\t\t\t<\/div>\n\t\t\t\t\t\t\t\t\n<style scope=\"scope\">\n\n#image_2145724074 {\n  width: 100%;\n}\n<\/style>\n\t<\/div>\n\t\n<div class=\"is-divider divider clearfix\" style=\"background-color:rgb(0, 0, 0);\"><\/div><!-- .divider -->\n<p><strong><em>\u201eZauvijek autor: Sa\u0161a Anti\u0107\u201c <\/em><\/strong>\u00a0(Hrvatska, HDS, 2024)<\/p>\n<p>re\u017eija: Toni Volari\u0107, 52\u2019<\/p>\n<p>Toni Volari\u0107 je autor brojnih epizoda serijala \u201eZauvijek autor\u201c i ve\u0107 je bio na\u0161 gost, a ove godine gledamo njegovu epizodu o sjajnom Sa\u0161i Anti\u0107u, tekstopiscu velikih hitova grupe TBF. Radi se o zaista va\u017enom generacijskom autoru, \u010dija karijera i opus \u2013 ne samo u TBF kontekstu \u2013 zauzimaju va\u017eno mjesto u povijesti hrvatske glazbe. Upoznajte ina\u010de vrlo samozatajnog autora u ovom portretu, uz brojne zanimljive sugovornike i anegdote.<\/p>\n<\/div><\/div>\n<\/div>\n\t\t<\/div><!-- .section-content -->\n\n\t\t\n<style scope=\"scope\">\n\n#section_41258193 {\n  padding-top: 30px;\n  padding-bottom: 30px;\n}\n<\/style>\n\t<\/section>\n\t\n","protected":false},"excerpt":{"rendered":"","protected":false},"author":1,"featured_media":0,"parent":0,"menu_order":0,"comment_status":"closed","ping_status":"closed","template":"","meta":{"_monsterinsights_skip_tracking":false,"_monsterinsights_sitenote_active":false,"_monsterinsights_sitenote_note":"","_monsterinsights_sitenote_category":0,"_links_to":"","_links_to_target":""},"aioseo_notices":[],"_links":{"self":[{"href":"https:\/\/filmfestivaldorf.com\/hr\/wp-json\/wp\/v2\/pages\/2799"}],"collection":[{"href":"https:\/\/filmfestivaldorf.com\/hr\/wp-json\/wp\/v2\/pages"}],"about":[{"href":"https:\/\/filmfestivaldorf.com\/hr\/wp-json\/wp\/v2\/types\/page"}],"author":[{"embeddable":true,"href":"https:\/\/filmfestivaldorf.com\/hr\/wp-json\/wp\/v2\/users\/1"}],"replies":[{"embeddable":true,"href":"https:\/\/filmfestivaldorf.com\/hr\/wp-json\/wp\/v2\/comments?post=2799"}],"version-history":[{"count":21,"href":"https:\/\/filmfestivaldorf.com\/hr\/wp-json\/wp\/v2\/pages\/2799\/revisions"}],"predecessor-version":[{"id":2911,"href":"https:\/\/filmfestivaldorf.com\/hr\/wp-json\/wp\/v2\/pages\/2799\/revisions\/2911"}],"wp:attachment":[{"href":"https:\/\/filmfestivaldorf.com\/hr\/wp-json\/wp\/v2\/media?parent=2799"}],"curies":[{"name":"wp","href":"https:\/\/api.w.org\/{rel}","templated":true}]}}